{"id":668,"date":"2017-03-31T23:33:00","date_gmt":"2017-03-31T23:33:00","guid":{"rendered":"https:\/\/chicomazzoni.art.br\/?post_type=obras&#038;p=668"},"modified":"2023-04-02T22:32:59","modified_gmt":"2023-04-02T22:32:59","slug":"retratos-do-mundo-flutuante","status":"publish","type":"obras","link":"https:\/\/chicomazzoni.art.br\/en\/obras\/retratos-do-mundo-flutuante\/","title":{"rendered":"Retratos do Mundo Flutuante"},"content":{"rendered":"<div class=\"wp-block-columns is-layout-flex wp-container-core-columns-is-layout-9d6595d7 wp-block-columns-is-layout-flex\">\n<div class=\"wp-block-column is-layout-flow wp-block-column-is-layout-flow\">\n<p>O termo ukiyo-e significa, literalmente, \u201cimagens do mundo flutuante transit\u00f3rio\u201d. \u00c9 derivado originalmente da ideia budista do car\u00e1ter f\u00fatil e ilus\u00f3rio da exist\u00eancia mundana. Durante o per\u00edodo Edo, no entanto, o termo tomou um sabor hedon\u00edstico e foi ligado \u00e0s divers\u00f5es e prazeres da popula\u00e7\u00e3o urbana nas casas de ch\u00e1 e bord\u00e9is, no teatro Kabuki e nas arenas de luta sum\u00f4. Dada a pequena dura\u00e7\u00e3o e inconst\u00e2ncia da vida, o lema era: vive despreocupadamente, goza o momento e concentra todos os sentidos nos prazeres passageiros. E assim lemos, de uma forma impressionante, num romance de Asai Ryoi publicado em 1661 sob o t\u00edtulo Hist\u00f3ria do Mundo Flutuante (Ukiyo monogatari): \u201cVive para cada momento, observa a Lua, a cerejeira em flor e a folha do \u00e1cer, ama o vinho, as mulheres e a poesia, encara com humor a pobreza que te olha fixamente e n\u00e3o te sintas desencorajado por ela, deixa-te ser transportado pelo rio da vida como uma caba\u00e7a que segue \u00e0 deriva rio abaixo, isso \u00e9 o que significa ukiyo.\u201d<\/p>\n\n\n\n<p class=\"has-small-font-size\"><strong>Adele Schlombs<\/strong><\/p>\n<\/div>\n\n\n\n<div class=\"wp-block-column is-layout-flow wp-block-column-is-layout-flow\">\n<figure class=\"wp-block-image size-medium is-resized\"><img loading=\"lazy\" decoding=\"async\" src=\"https:\/\/chicomazzoni.art.br\/wp-content\/uploads\/a-grande-onda-kanagawa-web-800x548.jpg\" alt=\"\" class=\"wp-image-628\" width=\"462\" height=\"316\" srcset=\"https:\/\/chicomazzoni.art.br\/wp-content\/uploads\/a-grande-onda-kanagawa-web-800x548.jpg 800w, https:\/\/chicomazzoni.art.br\/wp-content\/uploads\/a-grande-onda-kanagawa-web-1461x1000.jpg 1461w, https:\/\/chicomazzoni.art.br\/wp-content\/uploads\/a-grande-onda-kanagawa-web-768x526.jpg 768w, https:\/\/chicomazzoni.art.br\/wp-content\/uploads\/a-grande-onda-kanagawa-web-1536x1051.jpg 1536w, https:\/\/chicomazzoni.art.br\/wp-content\/uploads\/a-grande-onda-kanagawa-web-18x12.jpg 18w, https:\/\/chicomazzoni.art.br\/wp-content\/uploads\/a-grande-onda-kanagawa-web.jpg 1800w\" sizes=\"auto, (max-width: 462px) 100vw, 462px\" \/><figcaption class=\"wp-element-caption\">A Grande Onda de Kanagawa, gravura ukiyo-e, Katsushika Hokusai, 1830\/1833.<\/figcaption><\/figure>\n<\/div>\n<\/div>\n\n\n\n<blockquote class=\"wp-block-quote is-layout-flow wp-block-quote-is-layout-flow\">\n<p>\u201cDesde a idade de seis anos eu tinha mania de desenhar a forma dos objetos. Por volta dos cinquenta havia publicado uma infinidade de desenhos, mas tudo o que produzi antes dos sessenta n\u00e3o deve ser levado em conta.<\/p>\n\n\n\n<p>Aos setenta e tr\u00eas compreendi mais ou menos a estrutura da verdadeira natureza, as plantas, as \u00e1rvores, os p\u00e1ssaros, os peixes e os insetos. Em consequ\u00eancia, aos oitenta terei feito ainda mais progresso.<\/p>\n\n\n\n<p>Aos noventa penetrarei no mist\u00e9rio das coisas; aos cem, terei decididamente chegado a um grau de maravilhamento \u2013 e quando eu tiver cento e dez anos, para mim, seja um ponto ou uma linha, tudo ser\u00e1 vivo\u201d<\/p>\n<cite><strong>Katsushika Hokusai<\/strong>, (1760-1849), artista pl\u00e1stico japon\u00eas<\/cite><\/blockquote>\n\n\n\n<figure class=\"wp-block-gallery has-nested-images columns-3 is-cropped wp-block-gallery-1 is-layout-flex wp-block-gallery-is-layout-flex\">\n<figure class=\"wp-block-image size-thumbnail\"><a href=\"https:\/\/chicomazzoni.art.br\/wp-content\/uploads\/retratos-do-mundo-flutuante-100-m-x-100-m-acrc3adlica-e-acrc3adlica-em-baixo-relevo-s-tela-2015.jpg\" data-lbwps-width=\"1500\" data-lbwps-height=\"1505\" data-lbwps-srcsmall=\"https:\/\/chicomazzoni.art.br\/wp-content\/uploads\/retratos-do-mundo-flutuante-100-m-x-100-m-acrc3adlica-e-acrc3adlica-em-baixo-relevo-s-tela-2015-12x12.jpg\"><img loading=\"lazy\" decoding=\"async\" width=\"400\" height=\"400\" data-id=\"597\" src=\"https:\/\/chicomazzoni.art.br\/wp-content\/uploads\/retratos-do-mundo-flutuante-100-m-x-100-m-acrc3adlica-e-acrc3adlica-em-baixo-relevo-s-tela-2015-400x400.jpg\" alt=\"\" class=\"wp-image-597\" srcset=\"https:\/\/chicomazzoni.art.br\/wp-content\/uploads\/retratos-do-mundo-flutuante-100-m-x-100-m-acrc3adlica-e-acrc3adlica-em-baixo-relevo-s-tela-2015-400x400.jpg 400w, https:\/\/chicomazzoni.art.br\/wp-content\/uploads\/retratos-do-mundo-flutuante-100-m-x-100-m-acrc3adlica-e-acrc3adlica-em-baixo-relevo-s-tela-2015-997x1000.jpg 997w, https:\/\/chicomazzoni.art.br\/wp-content\/uploads\/retratos-do-mundo-flutuante-100-m-x-100-m-acrc3adlica-e-acrc3adlica-em-baixo-relevo-s-tela-2015-12x12.jpg 12w, https:\/\/chicomazzoni.art.br\/wp-content\/uploads\/retratos-do-mundo-flutuante-100-m-x-100-m-acrc3adlica-e-acrc3adlica-em-baixo-relevo-s-tela-2015.jpg 1500w\" sizes=\"auto, (max-width: 400px) 100vw, 400px\" \/><\/a><figcaption class=\"wp-element-caption\">Retratos do mundo flutuante, 1,00 m X 1,00 m, Acr\u00edlica e acr\u00edlica em baixo relevo s\/ tela, 2015<\/figcaption><\/figure>\n\n\n\n<figure class=\"wp-block-image size-thumbnail\"><a href=\"https:\/\/chicomazzoni.art.br\/wp-content\/uploads\/montanhas-azuladas-090-m-x-090-m-acrc3adlica-e-acrc3adlica-em-baixo-relevo-s-tela-2016.jpg\" data-lbwps-width=\"1500\" data-lbwps-height=\"1496\" data-lbwps-srcsmall=\"https:\/\/chicomazzoni.art.br\/wp-content\/uploads\/montanhas-azuladas-090-m-x-090-m-acrc3adlica-e-acrc3adlica-em-baixo-relevo-s-tela-2016.jpg\"><img loading=\"lazy\" decoding=\"async\" width=\"400\" height=\"400\" data-id=\"589\" src=\"https:\/\/chicomazzoni.art.br\/wp-content\/uploads\/montanhas-azuladas-090-m-x-090-m-acrc3adlica-e-acrc3adlica-em-baixo-relevo-s-tela-2016-400x400.jpg\" alt=\"\" class=\"wp-image-589\" srcset=\"https:\/\/chicomazzoni.art.br\/wp-content\/uploads\/montanhas-azuladas-090-m-x-090-m-acrc3adlica-e-acrc3adlica-em-baixo-relevo-s-tela-2016-400x400.jpg 400w, https:\/\/chicomazzoni.art.br\/wp-content\/uploads\/montanhas-azuladas-090-m-x-090-m-acrc3adlica-e-acrc3adlica-em-baixo-relevo-s-tela-2016-800x798.jpg 800w, https:\/\/chicomazzoni.art.br\/wp-content\/uploads\/montanhas-azuladas-090-m-x-090-m-acrc3adlica-e-acrc3adlica-em-baixo-relevo-s-tela-2016-1003x1000.jpg 1003w, https:\/\/chicomazzoni.art.br\/wp-content\/uploads\/montanhas-azuladas-090-m-x-090-m-acrc3adlica-e-acrc3adlica-em-baixo-relevo-s-tela-2016-768x766.jpg 768w, https:\/\/chicomazzoni.art.br\/wp-content\/uploads\/montanhas-azuladas-090-m-x-090-m-acrc3adlica-e-acrc3adlica-em-baixo-relevo-s-tela-2016-12x12.jpg 12w, https:\/\/chicomazzoni.art.br\/wp-content\/uploads\/montanhas-azuladas-090-m-x-090-m-acrc3adlica-e-acrc3adlica-em-baixo-relevo-s-tela-2016.jpg 1500w\" sizes=\"auto, (max-width: 400px) 100vw, 400px\" \/><\/a><figcaption class=\"wp-element-caption\">Montanhas azuladas,  0,90 m X 0,90 m, Acr\u00edlica e acr\u00edlica em baixo relevo s\/ tela, 2016<\/figcaption><\/figure>\n\n\n\n<figure class=\"wp-block-image size-thumbnail\"><a href=\"https:\/\/chicomazzoni.art.br\/wp-content\/uploads\/o-gabinete-do-doutor-caligaris-080-m-x-080-m-acrc3adlica-e-acrc3adlica-em-baixo-relevo-s-tela-2015-copiar.jpg\" data-lbwps-width=\"1500\" data-lbwps-height=\"1491\" data-lbwps-srcsmall=\"https:\/\/chicomazzoni.art.br\/wp-content\/uploads\/o-gabinete-do-doutor-caligaris-080-m-x-080-m-acrc3adlica-e-acrc3adlica-em-baixo-relevo-s-tela-2015-copiar.jpg\"><img loading=\"lazy\" decoding=\"async\" width=\"400\" height=\"400\" data-id=\"591\" src=\"https:\/\/chicomazzoni.art.br\/wp-content\/uploads\/o-gabinete-do-doutor-caligaris-080-m-x-080-m-acrc3adlica-e-acrc3adlica-em-baixo-relevo-s-tela-2015-copiar-400x400.jpg\" alt=\"\" class=\"wp-image-591\" srcset=\"https:\/\/chicomazzoni.art.br\/wp-content\/uploads\/o-gabinete-do-doutor-caligaris-080-m-x-080-m-acrc3adlica-e-acrc3adlica-em-baixo-relevo-s-tela-2015-copiar-400x400.jpg 400w, https:\/\/chicomazzoni.art.br\/wp-content\/uploads\/o-gabinete-do-doutor-caligaris-080-m-x-080-m-acrc3adlica-e-acrc3adlica-em-baixo-relevo-s-tela-2015-copiar-12x12.jpg 12w\" sizes=\"auto, (max-width: 400px) 100vw, 400px\" \/><\/a><figcaption class=\"wp-element-caption\">O gabinete do Doutor Caligaris,  0,80 m X 0,80 m, Acr\u00edlica e acr\u00edlica em baixo relevo s\/ tela, 2015<\/figcaption><\/figure>\n<\/figure>\n\n\n\n<p>A leitura deste texto me marcou profundamente na adolesc\u00eancia e teve uma influ\u00eancia decisiva na minha trajet\u00f3ria.<\/p>\n\n\n\n<p>As primeiras culturas que atra\u00edram a minha curiosidade, na inf\u00e2ncia, foram a eg\u00edpcia e a japonesa, n\u00e3o lembro em que ordem. Pela sua estranheza, o imagin\u00e1rio japon\u00eas esteve presente em mim, influenciando, ora de maneira sutil, ora escancaradamente, o meu processo criativo, resultando numa s\u00e9rie de trabalhos que compuseram uma exposi\u00e7\u00e3o individual, \u201cdeZENho\u201d, no Museu de Arte da Bahia, em 1988, de forte conte\u00fado figurativo.<\/p>\n\n\n\n<p>Entretanto a abstra\u00e7\u00e3o sempre foi uma meta na minha vida, s\u00f3 considerada poss\u00edvel a partir do momento em que estivesse suficientemente maduro como artista para cumpri-la. Depois da quase abstra\u00e7\u00e3o atingida na mostra CIDADES INVIS\u00cdVEIS, em 2010 e em algumas\/ telas das TRAMAS SINCERAS, em 2014, proponho os RETRATOS DO MUNDO FLUTUANTE, buscando inspira\u00e7\u00e3o no Ukiyo-e, n\u00e3o de maneira \u00f3bvia, mas procurando as sutilezas da forma, da cor e da maneira inovadora de conceber e tratar a paisagem, para apresentar as minhas paisagens imagin\u00e1rias, difusas e abstratas.<\/p>\n\n\n\n<p>Retratos do mundo flutuante, como visto, \u00e9 a tradu\u00e7\u00e3o de Ukiyo-e, estampa japonesa, desenvolvida ao longo do per\u00edodo Edo, executada com blocos de madeira usados para impress\u00e3o, entre os s\u00e9culos XVIII e XIX. Um dos expoentes do Ukiyo-e, foi o citado Hokusai, auto proclamado pintor louco, que retira daquele estilo o sentimentalismo, fazendo uma pintura formalista adequada \u00e0s suas ilustra\u00e7\u00f5es para trabalhos liter\u00e1rios e \u00e9 respons\u00e1vel pela populariza\u00e7\u00e3o da paisagem enquanto vertente (famosas Vistas do Monte Fuji e A Grande Onda de Kanagawa).<\/p>\n\n\n\n<p>Esta mostra comp\u00f5e-se de 31 quadros in\u00e9ditos (incluindo 3 d\u00edpticos e um tr\u00edptico), numa busca da paisagem improv\u00e1vel, dos retratos do mundo que flutua na nossa imagina\u00e7\u00e3o.<\/p>\n\n\n\n<p><strong>Chico Mazzoni<\/strong><\/p>\n\n\n\n<figure class=\"wp-block-image size-large\"><a href=\"https:\/\/chicomazzoni.art.br\/wp-content\/uploads\/a-grande-onda-a-hokusai-dc3adptico-160-m-x-080-m-acrc3adlica-e-acrc3adlica-em-baixo-relevo-s-tela-2017-copiar.jpg\" data-lbwps-width=\"2000\" data-lbwps-height=\"999\" data-lbwps-srcsmall=\"https:\/\/chicomazzoni.art.br\/wp-content\/uploads\/a-grande-onda-a-hokusai-dc3adptico-160-m-x-080-m-acrc3adlica-e-acrc3adlica-em-baixo-relevo-s-tela-2017-copiar-18x9.jpg\"><img loading=\"lazy\" decoding=\"async\" width=\"1500\" height=\"749\" src=\"https:\/\/chicomazzoni.art.br\/wp-content\/uploads\/a-grande-onda-a-hokusai-dc3adptico-160-m-x-080-m-acrc3adlica-e-acrc3adlica-em-baixo-relevo-s-tela-2017-copiar-1500x749.jpg\" alt=\"\" class=\"wp-image-603\" srcset=\"https:\/\/chicomazzoni.art.br\/wp-content\/uploads\/a-grande-onda-a-hokusai-dc3adptico-160-m-x-080-m-acrc3adlica-e-acrc3adlica-em-baixo-relevo-s-tela-2017-copiar-1500x749.jpg 1500w, https:\/\/chicomazzoni.art.br\/wp-content\/uploads\/a-grande-onda-a-hokusai-dc3adptico-160-m-x-080-m-acrc3adlica-e-acrc3adlica-em-baixo-relevo-s-tela-2017-copiar-800x400.jpg 800w, https:\/\/chicomazzoni.art.br\/wp-content\/uploads\/a-grande-onda-a-hokusai-dc3adptico-160-m-x-080-m-acrc3adlica-e-acrc3adlica-em-baixo-relevo-s-tela-2017-copiar-768x384.jpg 768w, https:\/\/chicomazzoni.art.br\/wp-content\/uploads\/a-grande-onda-a-hokusai-dc3adptico-160-m-x-080-m-acrc3adlica-e-acrc3adlica-em-baixo-relevo-s-tela-2017-copiar-1536x767.jpg 1536w, https:\/\/chicomazzoni.art.br\/wp-content\/uploads\/a-grande-onda-a-hokusai-dc3adptico-160-m-x-080-m-acrc3adlica-e-acrc3adlica-em-baixo-relevo-s-tela-2017-copiar-18x9.jpg 18w, https:\/\/chicomazzoni.art.br\/wp-content\/uploads\/a-grande-onda-a-hokusai-dc3adptico-160-m-x-080-m-acrc3adlica-e-acrc3adlica-em-baixo-relevo-s-tela-2017-copiar.jpg 2000w\" sizes=\"auto, (max-width: 1500px) 100vw, 1500px\" \/><\/a><figcaption class=\"wp-element-caption\">A grande onda (d\u00edptico), 1,60 m X 0,80 m, Acr\u00edlica e acr\u00edlica em baixo relevo s\/ tela, 2017<\/figcaption><\/figure>\n\n\n\n<p>A presen\u00e7a de arquitetos que s\u00e3o artistas pl\u00e1sticos na Bahia tem maior visibilidade a partir da d\u00e9cada de 1960. \u00c0 parte o arquiteto e urbanista Di\u00f3genes Rebou\u00e7as, pelo car\u00e1ter documentarista de suas pinturas, considerando a arte moderna, podemos mencionar como precursores Jamison Pedra, com suas pesquisas ligadas \u00e0 Optical Art, Juraci D\u00f3rea, Silvio Robatto e Pasqualino Magnavita. Tendo surgido novos arquitetos que abra\u00e7aram as artes pl\u00e1sticas como segunda profiss\u00e3o, ampliou-se mais ainda a diversidade das conquistas criativas nesta \u00e1rea, sendo um dos destaques o artista e arquiteto Chico Mazzoni. A produ\u00e7\u00e3o de artes pl\u00e1sticas de Chico Mazzoni \u00e9 quantitativa e qualitativamente exemplar. De 1972 a 2017 realizou 58 exposi\u00e7\u00f5es coletivas e de 1983 a 2017 17 exposi\u00e7\u00f5es individuais, resultado de uma intensa e continuada pr\u00e1tica criativa na \u00e1rea das artes pl\u00e1sticas e tudo indica que a forma\u00e7\u00e3o disciplinada do Arquiteto complementou-se com a liberdade criativa do artista pl\u00e1stico, pois na obra de Chico Mazzoni existe um admir\u00e1vel equil\u00edbrio entre disciplina t\u00e9cnica e liberdade criativa. Do Arquiteto a experi\u00eancia perceptiva das configura\u00e7\u00f5es est\u00e9ticas da arquitetura subordinada \u00e0 racionalidade dos procedimentos construtivos e do artista pl\u00e1stico o v\u00f4o livre e sem amarras do ato criativo. O trabalho de Chico Mazzoni demonstra uma constante pesquisa e renova\u00e7\u00e3o de temas, t\u00e9cnicas e solu\u00e7\u00f5es pl\u00e1sticas.<\/p>\n\n\n\n<p>Sempre admirei em Chico Mazzoni uma sensibilidade perceptiva diferenciada e uma capacidade incomum para as solu\u00e7\u00f5es pl\u00e1sticas de suas composi\u00e7\u00f5es, hajam vista as exposi\u00e7\u00f5es individuais realizadas: Chico Mazoni \u2013 desenhos, Imagin\u00e1lia, Arte-de-cor, Cena &amp; \u00d3tica, deZENho, Fotograma, Par ou \u00cdmpar, Por esta luz que me alumia, Esta\u00e7\u00e3o da Luz, Mil\u00eanios no ar, Brasiliana, POP-UP, Vinte e Cinco, Cidades Invis\u00edveis, Tramas Sinceras.<\/p>\n\n\n\n<p><strong>Os temas<\/strong><\/p>\n\n\n\n<p>Ao contr\u00e1rio de artistas que enfrentam dificuldades em titular suas cria\u00e7\u00f5es, principalmente em obras abstratas, centenas de suas composi\u00e7\u00f5es s\u00e3o acompanhadas de t\u00edtulos bastante sugestivos. Na verdade s\u00e3o refer\u00eancias persuasivas mas que n\u00e3o exaurem nem comprometem o universo \u201csignificante\u201d das obras. O repert\u00f3rio s\u00edgnico e anal\u00f3gico das legendas \u00e9 bastante expressivo, mas n\u00e3o conclusivo e excludente. Suas composi\u00e7\u00f5es n\u00e3o s\u00e3o ilustra\u00e7\u00f5es das legendas. Texto n\u00e3o \u00e9 contexto. E a riqueza pl\u00e1stica, a for\u00e7a das cria\u00e7\u00f5es formais e crom\u00e1ticas de Chico Mazzoni, s\u00e3o os fatores preponderantes, o que nos conduz \u00e0 frui\u00e7\u00e3o de paisagens inusitadas, imagin\u00e1rias, exclusivas da imagina\u00e7\u00e3o criadora do artista, mas tamb\u00e9m composi\u00e7\u00f5es sujeitas a infind\u00e1veis alternativas de interpreta\u00e7\u00e3o do perceptor. E esse \u00e9 o m\u00e1gico poder de artistas como Chico Mazzoni que transformam a obra em verdadeiro sensor de afetos, emo\u00e7\u00f5es e sentimentos. Suas \u201cPaisagens Flutuantes\u201d fecundam a imagina\u00e7\u00e3o alheia em viagens pelo universo de fascinantes circuitos eletr\u00f4nicos, (Souk, O Helic\u00f3ptero e outras paisagens\u2026), superf\u00edcies planet\u00e1rias de cidades futuristas, a pele de corpos estranhos e inquietantes (Cinema, S\u00e9culo vinte, Paisagem quase vis\u00edvel\u2026). Mas tamb\u00e9m a calma de paisagens paradis\u00edacas, ecologicamente fascinantes e desejadas (I love Paris in the fall, O tempo \u00e9 como o rio, Cara de Paisagem\u2026) E muito mais.<\/p>\n\n\n\n<p><strong>Linguagem visual<\/strong><\/p>\n\n\n\n<p>A sintaxe pl\u00e1stica da obra de Chico Mazzoni \u00e9 bastante diversificada, resultado do seu conhecimento e dom\u00ednio das t\u00e9cnicas de composi\u00e7\u00e3o, da organiza\u00e7\u00e3o da forma e do espa\u00e7o visual. A intimidade que tem com o dualismo figura-fundo lhe permite obter excelentes resultados, quando controla as dimens\u00f5es do espa\u00e7o, alternando da cria\u00e7\u00e3o ilus\u00f3ria do volume (\u201cBrasiliana\u201d) \u00e0 planaridade composicional (\u201cTramas Sinceras\u201d). O que tamb\u00e9m lhe permite, na maioria de suas composi\u00e7\u00f5es, inclusive as de tend\u00eancia \u00e0 evoca\u00e7\u00e3o t\u00e2ntrica, vencer o \u201chorror Vacui\u201d (Little boxes, Ganges\u2026). Tudo com o conhecimento e a pr\u00e1tica constante do jogo de luz e sombra (claro-escuro) e do peculiar e inusitado arco-\u00edris de sua paleta das cores, como \u201cIstanbul\u201d e \u201cAurora Boreal\u201d. O desenhista e o colorista muitas vezes se encontram. Nesta fase das \u201cPaisagens Flutuantes\u201d, a constru\u00e7\u00e3o da forma \u00e9 do dom\u00ednio do ex\u00edmio desenhista que aprendeu a admirar a arte dos grandes mestres do passado com as pr\u00f3prias obras originais. Figura abstrata de uma s\u00f3 dimens\u00e3o, a linha, com Chico Mazzoni, passa a ter tr\u00eas e se torna protagonista da composi\u00e7\u00e3o formal e crom\u00e1tica, capaz inclusive de gerar imposs\u00edveis presen\u00e7as texturais, com movimento dirigido e acumula\u00e7\u00e3o de linhas paralelas A composi\u00e7\u00e3o \u00e9 concebida com planos, texturas e cores, mas todos gerados principalmente pela linha que \u00e9 expulsa dos tubos de tinta pela sensibilidade, talento, dom\u00ednio t\u00e9cnico, paci\u00eancia infinita e imensa obstina\u00e7\u00e3o, do artista desenhista-pintor Chico Mazzoni. Desenhista, mas no sentido do designer que concebe uma figura\u00e7\u00e3o original e contempor\u00e2nea.<\/p>\n\n\n\n<p><strong><em>Juarez Paraiso&nbsp;\u2013&nbsp;<\/em><\/strong><em>Artista Pl\u00e1stico, Professor Em\u00e9rito da Universidade Federal da Bahia, membro da Academia de Ci\u00eancias da Bahia, membro da Associa\u00e7\u00e3o Brasileira de Cr\u00edticos de Arte<\/em><\/p>\n\n\n\n<figure class=\"wp-block-image size-large\"><a href=\"https:\/\/chicomazzoni.art.br\/wp-content\/uploads\/em-frente-ao-coqueiro-verde-dc3adptico-160-m-x-080-m-acrc3adlica-e-acrc3adlica-em-baixo-relevo-s-tela-2015-copiar.jpg\" data-lbwps-width=\"2000\" data-lbwps-height=\"1004\" data-lbwps-srcsmall=\"https:\/\/chicomazzoni.art.br\/wp-content\/uploads\/em-frente-ao-coqueiro-verde-dc3adptico-160-m-x-080-m-acrc3adlica-e-acrc3adlica-em-baixo-relevo-s-tela-2015-copiar-18x9.jpg\"><img loading=\"lazy\" decoding=\"async\" width=\"1500\" height=\"753\" src=\"https:\/\/chicomazzoni.art.br\/wp-content\/uploads\/em-frente-ao-coqueiro-verde-dc3adptico-160-m-x-080-m-acrc3adlica-e-acrc3adlica-em-baixo-relevo-s-tela-2015-copiar-1500x753.jpg\" alt=\"\" class=\"wp-image-608\" srcset=\"https:\/\/chicomazzoni.art.br\/wp-content\/uploads\/em-frente-ao-coqueiro-verde-dc3adptico-160-m-x-080-m-acrc3adlica-e-acrc3adlica-em-baixo-relevo-s-tela-2015-copiar-1500x753.jpg 1500w, https:\/\/chicomazzoni.art.br\/wp-content\/uploads\/em-frente-ao-coqueiro-verde-dc3adptico-160-m-x-080-m-acrc3adlica-e-acrc3adlica-em-baixo-relevo-s-tela-2015-copiar-800x402.jpg 800w, https:\/\/chicomazzoni.art.br\/wp-content\/uploads\/em-frente-ao-coqueiro-verde-dc3adptico-160-m-x-080-m-acrc3adlica-e-acrc3adlica-em-baixo-relevo-s-tela-2015-copiar-768x386.jpg 768w, https:\/\/chicomazzoni.art.br\/wp-content\/uploads\/em-frente-ao-coqueiro-verde-dc3adptico-160-m-x-080-m-acrc3adlica-e-acrc3adlica-em-baixo-relevo-s-tela-2015-copiar-1536x771.jpg 1536w, https:\/\/chicomazzoni.art.br\/wp-content\/uploads\/em-frente-ao-coqueiro-verde-dc3adptico-160-m-x-080-m-acrc3adlica-e-acrc3adlica-em-baixo-relevo-s-tela-2015-copiar-18x9.jpg 18w, https:\/\/chicomazzoni.art.br\/wp-content\/uploads\/em-frente-ao-coqueiro-verde-dc3adptico-160-m-x-080-m-acrc3adlica-e-acrc3adlica-em-baixo-relevo-s-tela-2015-copiar.jpg 2000w\" sizes=\"auto, (max-width: 1500px) 100vw, 1500px\" \/><\/a><figcaption class=\"wp-element-caption\">Em frente ao coqueiro verde (d\u00edptico), 1,60 m X 0,80 m, Acr\u00edlica e acr\u00edlica em baixo relevo s\/ tela, 2015<\/figcaption><\/figure>\n\n\n\n<blockquote class=\"wp-block-quote is-layout-flow wp-block-quote-is-layout-flow\">\n<p>\u00c9 antes do \u00f3pio que a minh\u2019alma \u00e9 doente.<br>Sentir a vida convalesce e estiola.<br>E eu vou buscar no \u00f3pio que consola<br>Um Oriente ao oriente do Oriente.<\/p>\n<\/blockquote>\n\n\n\n<p>Nesses versos de Opi\u00e1rio, \u00c1lvaro de Campos fala acerca de uma busca. Insatisfeita com a subst\u00e2ncia imediata da vida, a sua alma procura alimento em lugar remoto e pr\u00f3ximo. Desde Freud, sabemos que esse territ\u00f3rio estranho abriga os campos desconhecidos que cada um carrega em si mesmo. No entanto, essa busca n\u00e3o implica isolamento. O percurso de si para si cont\u00e9m paradas for\u00e7adas na dimens\u00e3o do Outro, o primeiro Oriente que nos desorienta. Isso explica por que, nas viagens vertiginosas de artistas como Pessoa, podemos nos reconhecer. Em long\u00ednquas terras, sempre estivemos.<\/p>\n\n\n\n<p>Chico Mazzoni foi buscar no remoto Oriente uma forte refer\u00eancia para a sua produ\u00e7\u00e3o mais recente. O t\u00edtulo da sua mostra, \u201cRetratos do mundo flutuante\u201d, evoca um tipo de arte japonesa; o que d\u00e1 lastro conceitual ao seu trabalho e personalidade ao conjunto. No entanto, seus trinta e um quadros parecem indicar um novo Jap\u00e3o, pa\u00eds inventado onde o artista posiciona-se para redescobrir todas as coisas. Seu olhar surpreende, na vida, um car\u00e1ter flutuante. Diante dos seus olhos e, por contamina\u00e7\u00e3o, diante dos nossos, tudo flutua com leveza e intensidade: os tempos, os corpos, a mem\u00f3ria cultural, as paisagens, o helic\u00f3ptero, a hist\u00f3ria e at\u00e9 mesmo o grito.<\/p>\n\n\n\n<p>Maduro em sua t\u00e9cnica, Mazzoni parece ter liberado, junto com ela, um olhar infantil capaz de impor ao seu trabalho a grande alegria da descoberta. Assim, enquanto o Oriente buscado pelo heter\u00f4nimo de Fernando Pessoa no \u00f3pio e na arte deve compensar a alma da enfermidade provocada pela sensa\u00e7\u00e3o de viver, o Oriente que coincide \u00e0 arte flutuante de Chico Mazzoni traduz experi\u00eancias carregadas de vitalidade obtida no contato sensual com a subst\u00e2ncia imediata da exist\u00eancia. Espectador entusiasta do Theatrum Mundi, o pintor incute em suas formas o prazer que sente ao cri\u00e1-las; e isso n\u00e3o parece separar-se da sua alegria de viver. Sendo inst\u00e2ncia, onde a percep\u00e7\u00e3o perde o automatismo, o Oriente dimensionado nas\/ telas de Mazzoni \u00e9 um lugar dram\u00e1tico e, simultaneamente, feliz. Suas montanhas azuladas, suas enganosas transpar\u00eancias causam impacto, sim, e muitas vezes exigem reflex\u00e3o, gerando desconforto e conflito. Mas, onda ou deserto, o seu remoto Oriente revelou-se para mim, pr\u00f3ximo e pr\u00f3prio, p\u00e1tria minha que n\u00e3o hesitei em reconhecer e que muito amei descobrir.<\/p>\n\n\n\n<p>Salvador, 27\/01\/2017.<\/p>\n\n\n\n<p><em><strong>Mirella M\u00e1rcia Longo&nbsp;\u2013&nbsp;<\/strong>Escritora, pesquisadora do CNPq e Professora Titular de Literatura Comparada na UFBA<\/em><\/p>\n\n\n\n<figure class=\"wp-block-image size-full\"><a href=\"https:\/\/chicomazzoni.art.br\/wp-content\/uploads\/mazzoni-theatrum-mundi.jpg\" data-lbwps-width=\"1500\" data-lbwps-height=\"749\" data-lbwps-srcsmall=\"https:\/\/chicomazzoni.art.br\/wp-content\/uploads\/mazzoni-theatrum-mundi-18x9.jpg\"><img loading=\"lazy\" decoding=\"async\" width=\"1500\" height=\"749\" src=\"https:\/\/chicomazzoni.art.br\/wp-content\/uploads\/mazzoni-theatrum-mundi.jpg\" alt=\"\" class=\"wp-image-661\" srcset=\"https:\/\/chicomazzoni.art.br\/wp-content\/uploads\/mazzoni-theatrum-mundi.jpg 1500w, https:\/\/chicomazzoni.art.br\/wp-content\/uploads\/mazzoni-theatrum-mundi-800x399.jpg 800w, https:\/\/chicomazzoni.art.br\/wp-content\/uploads\/mazzoni-theatrum-mundi-768x383.jpg 768w, https:\/\/chicomazzoni.art.br\/wp-content\/uploads\/mazzoni-theatrum-mundi-18x9.jpg 18w\" sizes=\"auto, (max-width: 1500px) 100vw, 1500px\" \/><\/a><figcaption class=\"wp-element-caption\">THEATRVM MVNDI (d\u00edptico), 1,60 m X 0,80 m, Acr\u00edlica e acr\u00edlica em baixo relevo s\/ tela, 2016<br><a href=\"https:\/\/cdn.chicomazzoni.art.br\/wp-content\/uploads\/2017\/04\/ERG-CHEBBI-ou-A-LA-LA-%C3%94-tr%C3%ADptico-300-m-X-100-m-Acr%C3%ADlica-e-acr%C3%ADlica-em-baixo-relevo-s-tela-2017-copiar.jpg\" data-lbwps-width=\"2000\" data-lbwps-height=\"662\" data-lbwps-srcsmall=\"https:\/\/cdn.chicomazzoni.art.br\/wp-content\/uploads\/2017\/04\/ERG-CHEBBI-ou-A-LA-LA-%C3%94-tr%C3%ADptico-300-m-X-100-m-Acr%C3%ADlica-e-acr%C3%ADlica-em-baixo-relevo-s-tela-2017-copiar.jpg\"><\/a><\/figcaption><\/figure>\n\n\n\n<figure class=\"wp-block-image size-large\"><a href=\"https:\/\/chicomazzoni.art.br\/wp-content\/uploads\/erg-chebbi-ou-a-la-la-o-triptico-300-m-x-100-m-acrilica-e-acrilica-em-baixo-relevo-s-tela-2017-copiar.jpg\" data-lbwps-width=\"2000\" data-lbwps-height=\"662\" data-lbwps-srcsmall=\"https:\/\/chicomazzoni.art.br\/wp-content\/uploads\/erg-chebbi-ou-a-la-la-o-triptico-300-m-x-100-m-acrilica-e-acrilica-em-baixo-relevo-s-tela-2017-copiar-18x6.jpg\"><img loading=\"lazy\" decoding=\"async\" width=\"1500\" height=\"497\" src=\"https:\/\/chicomazzoni.art.br\/wp-content\/uploads\/erg-chebbi-ou-a-la-la-o-triptico-300-m-x-100-m-acrilica-e-acrilica-em-baixo-relevo-s-tela-2017-copiar-1500x497.jpg\" alt=\"\" class=\"wp-image-624\" srcset=\"https:\/\/chicomazzoni.art.br\/wp-content\/uploads\/erg-chebbi-ou-a-la-la-o-triptico-300-m-x-100-m-acrilica-e-acrilica-em-baixo-relevo-s-tela-2017-copiar-1500x497.jpg 1500w, https:\/\/chicomazzoni.art.br\/wp-content\/uploads\/erg-chebbi-ou-a-la-la-o-triptico-300-m-x-100-m-acrilica-e-acrilica-em-baixo-relevo-s-tela-2017-copiar-800x265.jpg 800w, https:\/\/chicomazzoni.art.br\/wp-content\/uploads\/erg-chebbi-ou-a-la-la-o-triptico-300-m-x-100-m-acrilica-e-acrilica-em-baixo-relevo-s-tela-2017-copiar-768x254.jpg 768w, https:\/\/chicomazzoni.art.br\/wp-content\/uploads\/erg-chebbi-ou-a-la-la-o-triptico-300-m-x-100-m-acrilica-e-acrilica-em-baixo-relevo-s-tela-2017-copiar-1536x508.jpg 1536w, https:\/\/chicomazzoni.art.br\/wp-content\/uploads\/erg-chebbi-ou-a-la-la-o-triptico-300-m-x-100-m-acrilica-e-acrilica-em-baixo-relevo-s-tela-2017-copiar-18x6.jpg 18w, https:\/\/chicomazzoni.art.br\/wp-content\/uploads\/erg-chebbi-ou-a-la-la-o-triptico-300-m-x-100-m-acrilica-e-acrilica-em-baixo-relevo-s-tela-2017-copiar.jpg 2000w\" sizes=\"auto, (max-width: 1500px) 100vw, 1500px\" \/><\/a><figcaption class=\"wp-element-caption\">Erg Chebbi ou A-LA-LA-\u00d4 (tr\u00edptico), 3,00 m X 1,00 m, Acr\u00edlica e acr\u00edlica em baixo relevo s\/ tela, 2017<br><a href=\"https:\/\/chicomazzoni.art.br\/en\/paisagem-quase-visivel-080-m-x-080-m-acrilica-e-acrilica-em-baixo-relevo-s-tela-2015-copiar\/\"><\/a><\/figcaption><\/figure>\n\n\n\n<figure class=\"wp-block-gallery has-nested-images columns-3 is-cropped wp-block-gallery-2 is-layout-flex wp-block-gallery-is-layout-flex\">\n<figure class=\"wp-block-image size-thumbnail\"><a href=\"https:\/\/chicomazzoni.art.br\/wp-content\/uploads\/paisagem-quase-visc3advel-080-m-x-080-m-acrc3adlica-e-acrc3adlica-em-baixo-relevo-s-tela-2015-copiar.jpg\" data-lbwps-width=\"1500\" data-lbwps-height=\"1498\" data-lbwps-srcsmall=\"https:\/\/chicomazzoni.art.br\/wp-content\/uploads\/paisagem-quase-visc3advel-080-m-x-080-m-acrc3adlica-e-acrc3adlica-em-baixo-relevo-s-tela-2015-copiar.jpg\"><img loading=\"lazy\" decoding=\"async\" width=\"400\" height=\"400\" data-id=\"595\" src=\"https:\/\/chicomazzoni.art.br\/wp-content\/uploads\/paisagem-quase-visc3advel-080-m-x-080-m-acrc3adlica-e-acrc3adlica-em-baixo-relevo-s-tela-2015-copiar-400x400.jpg\" alt=\"\" class=\"wp-image-595\" srcset=\"https:\/\/chicomazzoni.art.br\/wp-content\/uploads\/paisagem-quase-visc3advel-080-m-x-080-m-acrc3adlica-e-acrc3adlica-em-baixo-relevo-s-tela-2015-copiar-400x400.jpg 400w, https:\/\/chicomazzoni.art.br\/wp-content\/uploads\/paisagem-quase-visc3advel-080-m-x-080-m-acrc3adlica-e-acrc3adlica-em-baixo-relevo-s-tela-2015-copiar-800x800.jpg 800w, https:\/\/chicomazzoni.art.br\/wp-content\/uploads\/paisagem-quase-visc3advel-080-m-x-080-m-acrc3adlica-e-acrc3adlica-em-baixo-relevo-s-tela-2015-copiar-1001x1000.jpg 1001w, https:\/\/chicomazzoni.art.br\/wp-content\/uploads\/paisagem-quase-visc3advel-080-m-x-080-m-acrc3adlica-e-acrc3adlica-em-baixo-relevo-s-tela-2015-copiar-768x767.jpg 768w, https:\/\/chicomazzoni.art.br\/wp-content\/uploads\/paisagem-quase-visc3advel-080-m-x-080-m-acrc3adlica-e-acrc3adlica-em-baixo-relevo-s-tela-2015-copiar-12x12.jpg 12w, https:\/\/chicomazzoni.art.br\/wp-content\/uploads\/paisagem-quase-visc3advel-080-m-x-080-m-acrc3adlica-e-acrc3adlica-em-baixo-relevo-s-tela-2015-copiar.jpg 1500w\" sizes=\"auto, (max-width: 400px) 100vw, 400px\" \/><\/a><figcaption class=\"wp-element-caption\">Paisagem quase vis\u00edvel,  0,80 m X 0,80 m, Acr\u00edlica e acr\u00edlica em baixo relevo s tela, 2015<\/figcaption><\/figure>\n\n\n\n<figure class=\"wp-block-image size-thumbnail\"><a href=\"https:\/\/chicomazzoni.art.br\/wp-content\/uploads\/grito-a-mc3bcnch-090-m-x-090-m-acrc3adlica-e-acrc3adlica-em-baixo-relevo-s-tela-2015-copiar.jpg\" data-lbwps-width=\"1500\" data-lbwps-height=\"1505\" data-lbwps-srcsmall=\"https:\/\/chicomazzoni.art.br\/wp-content\/uploads\/grito-a-mc3bcnch-090-m-x-090-m-acrc3adlica-e-acrc3adlica-em-baixo-relevo-s-tela-2015-copiar-12x12.jpg\"><img loading=\"lazy\" decoding=\"async\" width=\"400\" height=\"400\" data-id=\"584\" src=\"https:\/\/chicomazzoni.art.br\/wp-content\/uploads\/grito-a-mc3bcnch-090-m-x-090-m-acrc3adlica-e-acrc3adlica-em-baixo-relevo-s-tela-2015-copiar-400x400.jpg\" alt=\"\" class=\"wp-image-584\" srcset=\"https:\/\/chicomazzoni.art.br\/wp-content\/uploads\/grito-a-mc3bcnch-090-m-x-090-m-acrc3adlica-e-acrc3adlica-em-baixo-relevo-s-tela-2015-copiar-400x400.jpg 400w, https:\/\/chicomazzoni.art.br\/wp-content\/uploads\/grito-a-mc3bcnch-090-m-x-090-m-acrc3adlica-e-acrc3adlica-em-baixo-relevo-s-tela-2015-copiar-997x1000.jpg 997w, https:\/\/chicomazzoni.art.br\/wp-content\/uploads\/grito-a-mc3bcnch-090-m-x-090-m-acrc3adlica-e-acrc3adlica-em-baixo-relevo-s-tela-2015-copiar-12x12.jpg 12w, https:\/\/chicomazzoni.art.br\/wp-content\/uploads\/grito-a-mc3bcnch-090-m-x-090-m-acrc3adlica-e-acrc3adlica-em-baixo-relevo-s-tela-2015-copiar.jpg 1500w\" sizes=\"auto, (max-width: 400px) 100vw, 400px\" \/><\/a><figcaption class=\"wp-element-caption\">Grito (a M\u00fcnch), 0,90 m X 0,90 m, Acr\u00edlica e acr\u00edlica em baixo relevo s\/ tela, 2015<\/figcaption><\/figure>\n\n\n\n<figure class=\"wp-block-image size-thumbnail\"><a href=\"https:\/\/chicomazzoni.art.br\/wp-content\/uploads\/little-boxes-080-m-x-080-m-acrc3adlica-e-acrc3adlica-em-baixo-relevo-s-tela-2016.jpg\" data-lbwps-width=\"1500\" data-lbwps-height=\"1498\" data-lbwps-srcsmall=\"https:\/\/chicomazzoni.art.br\/wp-content\/uploads\/little-boxes-080-m-x-080-m-acrc3adlica-e-acrc3adlica-em-baixo-relevo-s-tela-2016.jpg\"><img loading=\"lazy\" decoding=\"async\" width=\"400\" height=\"400\" data-id=\"588\" src=\"https:\/\/chicomazzoni.art.br\/wp-content\/uploads\/little-boxes-080-m-x-080-m-acrc3adlica-e-acrc3adlica-em-baixo-relevo-s-tela-2016-400x400.jpg\" alt=\"\" class=\"wp-image-588\" srcset=\"https:\/\/chicomazzoni.art.br\/wp-content\/uploads\/little-boxes-080-m-x-080-m-acrc3adlica-e-acrc3adlica-em-baixo-relevo-s-tela-2016-400x400.jpg 400w, https:\/\/chicomazzoni.art.br\/wp-content\/uploads\/little-boxes-080-m-x-080-m-acrc3adlica-e-acrc3adlica-em-baixo-relevo-s-tela-2016-800x800.jpg 800w, https:\/\/chicomazzoni.art.br\/wp-content\/uploads\/little-boxes-080-m-x-080-m-acrc3adlica-e-acrc3adlica-em-baixo-relevo-s-tela-2016-1001x1000.jpg 1001w, https:\/\/chicomazzoni.art.br\/wp-content\/uploads\/little-boxes-080-m-x-080-m-acrc3adlica-e-acrc3adlica-em-baixo-relevo-s-tela-2016-768x767.jpg 768w, https:\/\/chicomazzoni.art.br\/wp-content\/uploads\/little-boxes-080-m-x-080-m-acrc3adlica-e-acrc3adlica-em-baixo-relevo-s-tela-2016-12x12.jpg 12w, https:\/\/chicomazzoni.art.br\/wp-content\/uploads\/little-boxes-080-m-x-080-m-acrc3adlica-e-acrc3adlica-em-baixo-relevo-s-tela-2016.jpg 1500w\" sizes=\"auto, (max-width: 400px) 100vw, 400px\" \/><\/a><figcaption class=\"wp-element-caption\">Little boxes, 0,80 m X 0,80 m, Acr\u00edlica e acr\u00edlica em baixo relevo s\/ tela, 2016<\/figcaption><\/figure>\n\n\n\n<figure class=\"wp-block-image size-thumbnail\"><a href=\"https:\/\/chicomazzoni.art.br\/wp-content\/uploads\/frisson-090-m-x-090-m-acrilica-e-acrilica-em-baixo-relevo-s-tela-2016-copiar.jpg\" data-lbwps-width=\"1500\" data-lbwps-height=\"1503\" data-lbwps-srcsmall=\"https:\/\/chicomazzoni.art.br\/wp-content\/uploads\/frisson-090-m-x-090-m-acrilica-e-acrilica-em-baixo-relevo-s-tela-2016-copiar-12x12.jpg\"><img loading=\"lazy\" decoding=\"async\" width=\"400\" height=\"400\" data-id=\"627\" src=\"https:\/\/chicomazzoni.art.br\/wp-content\/uploads\/frisson-090-m-x-090-m-acrilica-e-acrilica-em-baixo-relevo-s-tela-2016-copiar-400x400.jpg\" alt=\"\" class=\"wp-image-627\" srcset=\"https:\/\/chicomazzoni.art.br\/wp-content\/uploads\/frisson-090-m-x-090-m-acrilica-e-acrilica-em-baixo-relevo-s-tela-2016-copiar-400x400.jpg 400w, https:\/\/chicomazzoni.art.br\/wp-content\/uploads\/frisson-090-m-x-090-m-acrilica-e-acrilica-em-baixo-relevo-s-tela-2016-copiar-798x800.jpg 798w, https:\/\/chicomazzoni.art.br\/wp-content\/uploads\/frisson-090-m-x-090-m-acrilica-e-acrilica-em-baixo-relevo-s-tela-2016-copiar-998x1000.jpg 998w, https:\/\/chicomazzoni.art.br\/wp-content\/uploads\/frisson-090-m-x-090-m-acrilica-e-acrilica-em-baixo-relevo-s-tela-2016-copiar-768x770.jpg 768w, https:\/\/chicomazzoni.art.br\/wp-content\/uploads\/frisson-090-m-x-090-m-acrilica-e-acrilica-em-baixo-relevo-s-tela-2016-copiar-12x12.jpg 12w, https:\/\/chicomazzoni.art.br\/wp-content\/uploads\/frisson-090-m-x-090-m-acrilica-e-acrilica-em-baixo-relevo-s-tela-2016-copiar.jpg 1500w\" sizes=\"auto, (max-width: 400px) 100vw, 400px\" \/><\/a><figcaption class=\"wp-element-caption\">Frisson, 0,90 m X 0,90 m, Acr\u00edlica e acr\u00edlica em baixo relevo s\/ tela, 2016<\/figcaption><\/figure>\n\n\n\n<figure class=\"wp-block-image size-thumbnail\"><a href=\"https:\/\/chicomazzoni.art.br\/wp-content\/uploads\/frac-tal-a-cezanne-100-m-x-100-m-acrilica-e-acrilica-em-baixo-relevo-s-tela-2016-copiar.jpg\" data-lbwps-width=\"1500\" data-lbwps-height=\"1505\" data-lbwps-srcsmall=\"https:\/\/chicomazzoni.art.br\/wp-content\/uploads\/frac-tal-a-cezanne-100-m-x-100-m-acrilica-e-acrilica-em-baixo-relevo-s-tela-2016-copiar-12x12.jpg\"><img loading=\"lazy\" decoding=\"async\" width=\"400\" height=\"400\" data-id=\"626\" src=\"https:\/\/chicomazzoni.art.br\/wp-content\/uploads\/frac-tal-a-cezanne-100-m-x-100-m-acrilica-e-acrilica-em-baixo-relevo-s-tela-2016-copiar-400x400.jpg\" alt=\"\" class=\"wp-image-626\" srcset=\"https:\/\/chicomazzoni.art.br\/wp-content\/uploads\/frac-tal-a-cezanne-100-m-x-100-m-acrilica-e-acrilica-em-baixo-relevo-s-tela-2016-copiar-400x400.jpg 400w, https:\/\/chicomazzoni.art.br\/wp-content\/uploads\/frac-tal-a-cezanne-100-m-x-100-m-acrilica-e-acrilica-em-baixo-relevo-s-tela-2016-copiar-997x1000.jpg 997w, https:\/\/chicomazzoni.art.br\/wp-content\/uploads\/frac-tal-a-cezanne-100-m-x-100-m-acrilica-e-acrilica-em-baixo-relevo-s-tela-2016-copiar-12x12.jpg 12w, https:\/\/chicomazzoni.art.br\/wp-content\/uploads\/frac-tal-a-cezanne-100-m-x-100-m-acrilica-e-acrilica-em-baixo-relevo-s-tela-2016-copiar.jpg 1500w\" sizes=\"auto, (max-width: 400px) 100vw, 400px\" \/><\/a><figcaption class=\"wp-element-caption\">Frac-tal (a C\u00e9zanne), 1,00 m X 1,00 m, Acr\u00edlica e acr\u00edlica em baixo relevo s\/ tela, 2016<\/figcaption><\/figure>\n\n\n\n<figure class=\"wp-block-image size-thumbnail\"><a href=\"https:\/\/chicomazzoni.art.br\/wp-content\/uploads\/something-goes-100-m-x-100-m-acrc3adlica-e-acrc3adlica-em-baixo-relevo-s-tela-2016-copiar.jpg\" data-lbwps-width=\"1500\" data-lbwps-height=\"1498\" data-lbwps-srcsmall=\"https:\/\/chicomazzoni.art.br\/wp-content\/uploads\/something-goes-100-m-x-100-m-acrc3adlica-e-acrc3adlica-em-baixo-relevo-s-tela-2016-copiar.jpg\"><img loading=\"lazy\" decoding=\"async\" width=\"400\" height=\"400\" data-id=\"600\" src=\"https:\/\/chicomazzoni.art.br\/wp-content\/uploads\/something-goes-100-m-x-100-m-acrc3adlica-e-acrc3adlica-em-baixo-relevo-s-tela-2016-copiar-400x400.jpg\" alt=\"\" class=\"wp-image-600\" srcset=\"https:\/\/chicomazzoni.art.br\/wp-content\/uploads\/something-goes-100-m-x-100-m-acrc3adlica-e-acrc3adlica-em-baixo-relevo-s-tela-2016-copiar-400x400.jpg 400w, https:\/\/chicomazzoni.art.br\/wp-content\/uploads\/something-goes-100-m-x-100-m-acrc3adlica-e-acrc3adlica-em-baixo-relevo-s-tela-2016-copiar-800x800.jpg 800w, https:\/\/chicomazzoni.art.br\/wp-content\/uploads\/something-goes-100-m-x-100-m-acrc3adlica-e-acrc3adlica-em-baixo-relevo-s-tela-2016-copiar-1001x1000.jpg 1001w, https:\/\/chicomazzoni.art.br\/wp-content\/uploads\/something-goes-100-m-x-100-m-acrc3adlica-e-acrc3adlica-em-baixo-relevo-s-tela-2016-copiar-768x767.jpg 768w, https:\/\/chicomazzoni.art.br\/wp-content\/uploads\/something-goes-100-m-x-100-m-acrc3adlica-e-acrc3adlica-em-baixo-relevo-s-tela-2016-copiar-12x12.jpg 12w, https:\/\/chicomazzoni.art.br\/wp-content\/uploads\/something-goes-100-m-x-100-m-acrc3adlica-e-acrc3adlica-em-baixo-relevo-s-tela-2016-copiar.jpg 1500w\" sizes=\"auto, (max-width: 400px) 100vw, 400px\" \/><\/a><figcaption class=\"wp-element-caption\">Something goes, 1,00 m X 1,00 m, Acr\u00edlica e acr\u00edlica em baixo relevo s\/ tela, 2016<\/figcaption><\/figure>\n\n\n\n<figure class=\"wp-block-image size-thumbnail\"><a href=\"https:\/\/chicomazzoni.art.br\/wp-content\/uploads\/i-love-paris-in-the-fall-100-m-x-100-m-acrc3adlica-e-acrc3adlica-em-baixo-relevo-s-tela-2015-copiar.jpg\" data-lbwps-width=\"1500\" data-lbwps-height=\"1505\" data-lbwps-srcsmall=\"https:\/\/chicomazzoni.art.br\/wp-content\/uploads\/i-love-paris-in-the-fall-100-m-x-100-m-acrc3adlica-e-acrc3adlica-em-baixo-relevo-s-tela-2015-copiar-12x12.jpg\"><img loading=\"lazy\" decoding=\"async\" width=\"400\" height=\"400\" data-id=\"585\" src=\"https:\/\/chicomazzoni.art.br\/wp-content\/uploads\/i-love-paris-in-the-fall-100-m-x-100-m-acrc3adlica-e-acrc3adlica-em-baixo-relevo-s-tela-2015-copiar-400x400.jpg\" alt=\"\" class=\"wp-image-585\" srcset=\"https:\/\/chicomazzoni.art.br\/wp-content\/uploads\/i-love-paris-in-the-fall-100-m-x-100-m-acrc3adlica-e-acrc3adlica-em-baixo-relevo-s-tela-2015-copiar-400x400.jpg 400w, https:\/\/chicomazzoni.art.br\/wp-content\/uploads\/i-love-paris-in-the-fall-100-m-x-100-m-acrc3adlica-e-acrc3adlica-em-baixo-relevo-s-tela-2015-copiar-997x1000.jpg 997w, https:\/\/chicomazzoni.art.br\/wp-content\/uploads\/i-love-paris-in-the-fall-100-m-x-100-m-acrc3adlica-e-acrc3adlica-em-baixo-relevo-s-tela-2015-copiar-12x12.jpg 12w, https:\/\/chicomazzoni.art.br\/wp-content\/uploads\/i-love-paris-in-the-fall-100-m-x-100-m-acrc3adlica-e-acrc3adlica-em-baixo-relevo-s-tela-2015-copiar.jpg 1500w\" sizes=\"auto, (max-width: 400px) 100vw, 400px\" \/><\/a><figcaption class=\"wp-element-caption\">I love Paris in the fall, 1,00 m X 1,00 m, Acr\u00edlica e acr\u00edlica em baixo relevo s\/ tela, 2015<\/figcaption><\/figure>\n\n\n\n<figure class=\"wp-block-image size-thumbnail\"><a href=\"https:\/\/chicomazzoni.art.br\/wp-content\/uploads\/o-helicc3b3ptero-e-outras-paisagens-100-m-x-100-m-acrc3adlica-e-acrc3adlica-em-baixo-relevo-s-tela-2015-copiar.jpg\" data-lbwps-width=\"1500\" data-lbwps-height=\"1498\" data-lbwps-srcsmall=\"https:\/\/chicomazzoni.art.br\/wp-content\/uploads\/o-helicc3b3ptero-e-outras-paisagens-100-m-x-100-m-acrc3adlica-e-acrc3adlica-em-baixo-relevo-s-tela-2015-copiar.jpg\"><img loading=\"lazy\" decoding=\"async\" width=\"400\" height=\"400\" data-id=\"592\" src=\"https:\/\/chicomazzoni.art.br\/wp-content\/uploads\/o-helicc3b3ptero-e-outras-paisagens-100-m-x-100-m-acrc3adlica-e-acrc3adlica-em-baixo-relevo-s-tela-2015-copiar-400x400.jpg\" alt=\"\" class=\"wp-image-592\" srcset=\"https:\/\/chicomazzoni.art.br\/wp-content\/uploads\/o-helicc3b3ptero-e-outras-paisagens-100-m-x-100-m-acrc3adlica-e-acrc3adlica-em-baixo-relevo-s-tela-2015-copiar-400x400.jpg 400w, https:\/\/chicomazzoni.art.br\/wp-content\/uploads\/o-helicc3b3ptero-e-outras-paisagens-100-m-x-100-m-acrc3adlica-e-acrc3adlica-em-baixo-relevo-s-tela-2015-copiar-800x800.jpg 800w, https:\/\/chicomazzoni.art.br\/wp-content\/uploads\/o-helicc3b3ptero-e-outras-paisagens-100-m-x-100-m-acrc3adlica-e-acrc3adlica-em-baixo-relevo-s-tela-2015-copiar-1001x1000.jpg 1001w, https:\/\/chicomazzoni.art.br\/wp-content\/uploads\/o-helicc3b3ptero-e-outras-paisagens-100-m-x-100-m-acrc3adlica-e-acrc3adlica-em-baixo-relevo-s-tela-2015-copiar-768x767.jpg 768w, https:\/\/chicomazzoni.art.br\/wp-content\/uploads\/o-helicc3b3ptero-e-outras-paisagens-100-m-x-100-m-acrc3adlica-e-acrc3adlica-em-baixo-relevo-s-tela-2015-copiar-12x12.jpg 12w, https:\/\/chicomazzoni.art.br\/wp-content\/uploads\/o-helicc3b3ptero-e-outras-paisagens-100-m-x-100-m-acrc3adlica-e-acrc3adlica-em-baixo-relevo-s-tela-2015-copiar.jpg 1500w\" sizes=\"auto, (max-width: 400px) 100vw, 400px\" \/><\/a><figcaption class=\"wp-element-caption\">O helic\u00f3ptero e outras paisagens, 1,00 m X 1,00 m, Acr\u00edlica e acr\u00edlica em baixo relevo s\/ tela, 2015<\/figcaption><\/figure>\n\n\n\n<figure class=\"wp-block-image size-thumbnail\"><a href=\"https:\/\/chicomazzoni.art.br\/wp-content\/uploads\/grand-bazaar-090-m-x-090-m-acrc3adlica-e-acrc3adlica-em-baixo-relevo-s-tela-2015-copiar.jpg\" data-lbwps-width=\"1500\" data-lbwps-height=\"1503\" data-lbwps-srcsmall=\"https:\/\/chicomazzoni.art.br\/wp-content\/uploads\/grand-bazaar-090-m-x-090-m-acrc3adlica-e-acrc3adlica-em-baixo-relevo-s-tela-2015-copiar-12x12.jpg\"><img loading=\"lazy\" decoding=\"async\" width=\"400\" height=\"400\" data-id=\"583\" src=\"https:\/\/chicomazzoni.art.br\/wp-content\/uploads\/grand-bazaar-090-m-x-090-m-acrc3adlica-e-acrc3adlica-em-baixo-relevo-s-tela-2015-copiar-400x400.jpg\" alt=\"\" class=\"wp-image-583\" srcset=\"https:\/\/chicomazzoni.art.br\/wp-content\/uploads\/grand-bazaar-090-m-x-090-m-acrc3adlica-e-acrc3adlica-em-baixo-relevo-s-tela-2015-copiar-400x400.jpg 400w, https:\/\/chicomazzoni.art.br\/wp-content\/uploads\/grand-bazaar-090-m-x-090-m-acrc3adlica-e-acrc3adlica-em-baixo-relevo-s-tela-2015-copiar-798x800.jpg 798w, https:\/\/chicomazzoni.art.br\/wp-content\/uploads\/grand-bazaar-090-m-x-090-m-acrc3adlica-e-acrc3adlica-em-baixo-relevo-s-tela-2015-copiar-998x1000.jpg 998w, https:\/\/chicomazzoni.art.br\/wp-content\/uploads\/grand-bazaar-090-m-x-090-m-acrc3adlica-e-acrc3adlica-em-baixo-relevo-s-tela-2015-copiar-768x770.jpg 768w, https:\/\/chicomazzoni.art.br\/wp-content\/uploads\/grand-bazaar-090-m-x-090-m-acrc3adlica-e-acrc3adlica-em-baixo-relevo-s-tela-2015-copiar-12x12.jpg 12w, https:\/\/chicomazzoni.art.br\/wp-content\/uploads\/grand-bazaar-090-m-x-090-m-acrc3adlica-e-acrc3adlica-em-baixo-relevo-s-tela-2015-copiar.jpg 1500w\" sizes=\"auto, (max-width: 400px) 100vw, 400px\" \/><\/a><figcaption class=\"wp-element-caption\">Grand Bazaar,  0,90 m X 0,90 m, Acr\u00edlica e acr\u00edlica em baixo relevo s\/ tela, 2015<\/figcaption><\/figure>\n\n\n\n<figure class=\"wp-block-image size-thumbnail\"><a href=\"https:\/\/chicomazzoni.art.br\/wp-content\/uploads\/neves-do-kilimanjaro-100-m-x-100-m-acrc3adlica-e-acrc3adlica-em-baixo-relevo-s-tela-2016-copiar.jpg\" data-lbwps-width=\"1500\" data-lbwps-height=\"1498\" data-lbwps-srcsmall=\"https:\/\/chicomazzoni.art.br\/wp-content\/uploads\/neves-do-kilimanjaro-100-m-x-100-m-acrc3adlica-e-acrc3adlica-em-baixo-relevo-s-tela-2016-copiar.jpg\"><img loading=\"lazy\" decoding=\"async\" width=\"400\" height=\"400\" data-id=\"590\" src=\"https:\/\/chicomazzoni.art.br\/wp-content\/uploads\/neves-do-kilimanjaro-100-m-x-100-m-acrc3adlica-e-acrc3adlica-em-baixo-relevo-s-tela-2016-copiar-400x400.jpg\" alt=\"\" class=\"wp-image-590\" srcset=\"https:\/\/chicomazzoni.art.br\/wp-content\/uploads\/neves-do-kilimanjaro-100-m-x-100-m-acrc3adlica-e-acrc3adlica-em-baixo-relevo-s-tela-2016-copiar-400x400.jpg 400w, https:\/\/chicomazzoni.art.br\/wp-content\/uploads\/neves-do-kilimanjaro-100-m-x-100-m-acrc3adlica-e-acrc3adlica-em-baixo-relevo-s-tela-2016-copiar-800x800.jpg 800w, https:\/\/chicomazzoni.art.br\/wp-content\/uploads\/neves-do-kilimanjaro-100-m-x-100-m-acrc3adlica-e-acrc3adlica-em-baixo-relevo-s-tela-2016-copiar-1001x1000.jpg 1001w, https:\/\/chicomazzoni.art.br\/wp-content\/uploads\/neves-do-kilimanjaro-100-m-x-100-m-acrc3adlica-e-acrc3adlica-em-baixo-relevo-s-tela-2016-copiar-768x767.jpg 768w, https:\/\/chicomazzoni.art.br\/wp-content\/uploads\/neves-do-kilimanjaro-100-m-x-100-m-acrc3adlica-e-acrc3adlica-em-baixo-relevo-s-tela-2016-copiar-12x12.jpg 12w, https:\/\/chicomazzoni.art.br\/wp-content\/uploads\/neves-do-kilimanjaro-100-m-x-100-m-acrc3adlica-e-acrc3adlica-em-baixo-relevo-s-tela-2016-copiar.jpg 1500w\" sizes=\"auto, (max-width: 400px) 100vw, 400px\" \/><\/a><figcaption class=\"wp-element-caption\">Neves do Kilimanjaro, 1,00 m X 1,00 m, Acr\u00edlica e acr\u00edlica em baixo relevo s\/ tela, 2016<\/figcaption><\/figure>\n\n\n\n<figure class=\"wp-block-image size-thumbnail\"><a href=\"https:\/\/chicomazzoni.art.br\/wp-content\/uploads\/ping-pong-100-m-x-100-m-acrc3adlica-e-acrc3adlica-em-baixo-relevo-s-tela-2015-copiar.jpg\" data-lbwps-width=\"1500\" data-lbwps-height=\"1505\" data-lbwps-srcsmall=\"https:\/\/chicomazzoni.art.br\/wp-content\/uploads\/ping-pong-100-m-x-100-m-acrc3adlica-e-acrc3adlica-em-baixo-relevo-s-tela-2015-copiar-12x12.jpg\"><img loading=\"lazy\" decoding=\"async\" width=\"400\" height=\"400\" data-id=\"596\" src=\"https:\/\/chicomazzoni.art.br\/wp-content\/uploads\/ping-pong-100-m-x-100-m-acrc3adlica-e-acrc3adlica-em-baixo-relevo-s-tela-2015-copiar-400x400.jpg\" alt=\"\" class=\"wp-image-596\" srcset=\"https:\/\/chicomazzoni.art.br\/wp-content\/uploads\/ping-pong-100-m-x-100-m-acrc3adlica-e-acrc3adlica-em-baixo-relevo-s-tela-2015-copiar-400x400.jpg 400w, https:\/\/chicomazzoni.art.br\/wp-content\/uploads\/ping-pong-100-m-x-100-m-acrc3adlica-e-acrc3adlica-em-baixo-relevo-s-tela-2015-copiar-997x1000.jpg 997w, https:\/\/chicomazzoni.art.br\/wp-content\/uploads\/ping-pong-100-m-x-100-m-acrc3adlica-e-acrc3adlica-em-baixo-relevo-s-tela-2015-copiar-12x12.jpg 12w, https:\/\/chicomazzoni.art.br\/wp-content\/uploads\/ping-pong-100-m-x-100-m-acrc3adlica-e-acrc3adlica-em-baixo-relevo-s-tela-2015-copiar.jpg 1500w\" sizes=\"auto, (max-width: 400px) 100vw, 400px\" \/><\/a><figcaption class=\"wp-element-caption\">Ping pong, 1,00 m X 1,00 m, Acr\u00edlica e acr\u00edlica em baixo relevo s\/ tela, 2015<\/figcaption><\/figure>\n\n\n\n<figure class=\"wp-block-image size-thumbnail\"><a href=\"https:\/\/chicomazzoni.art.br\/wp-content\/uploads\/infinita-paisagem-080-m-x-080-m-a-45o-acrc3adlica-e-acrc3adlica-em-baixo-relevo-s-tela-2016-copiar.jpg\" data-lbwps-width=\"1500\" data-lbwps-height=\"1500\" data-lbwps-srcsmall=\"https:\/\/chicomazzoni.art.br\/wp-content\/uploads\/infinita-paisagem-080-m-x-080-m-a-45o-acrc3adlica-e-acrc3adlica-em-baixo-relevo-s-tela-2016-copiar-12x12.jpg\"><img loading=\"lazy\" decoding=\"async\" width=\"400\" height=\"400\" data-id=\"586\" src=\"https:\/\/chicomazzoni.art.br\/wp-content\/uploads\/infinita-paisagem-080-m-x-080-m-a-45o-acrc3adlica-e-acrc3adlica-em-baixo-relevo-s-tela-2016-copiar-400x400.jpg\" alt=\"\" class=\"wp-image-586\" srcset=\"https:\/\/chicomazzoni.art.br\/wp-content\/uploads\/infinita-paisagem-080-m-x-080-m-a-45o-acrc3adlica-e-acrc3adlica-em-baixo-relevo-s-tela-2016-copiar-400x400.jpg 400w, https:\/\/chicomazzoni.art.br\/wp-content\/uploads\/infinita-paisagem-080-m-x-080-m-a-45o-acrc3adlica-e-acrc3adlica-em-baixo-relevo-s-tela-2016-copiar-800x800.jpg 800w, https:\/\/chicomazzoni.art.br\/wp-content\/uploads\/infinita-paisagem-080-m-x-080-m-a-45o-acrc3adlica-e-acrc3adlica-em-baixo-relevo-s-tela-2016-copiar-1000x1000.jpg 1000w, https:\/\/chicomazzoni.art.br\/wp-content\/uploads\/infinita-paisagem-080-m-x-080-m-a-45o-acrc3adlica-e-acrc3adlica-em-baixo-relevo-s-tela-2016-copiar-768x768.jpg 768w, https:\/\/chicomazzoni.art.br\/wp-content\/uploads\/infinita-paisagem-080-m-x-080-m-a-45o-acrc3adlica-e-acrc3adlica-em-baixo-relevo-s-tela-2016-copiar-12x12.jpg 12w, https:\/\/chicomazzoni.art.br\/wp-content\/uploads\/infinita-paisagem-080-m-x-080-m-a-45o-acrc3adlica-e-acrc3adlica-em-baixo-relevo-s-tela-2016-copiar.jpg 1500w\" sizes=\"auto, (max-width: 400px) 100vw, 400px\" \/><\/a><figcaption class=\"wp-element-caption\">Infinita paisagem, 0,80 m X 0,80 m, a 45o, Acr\u00edlica e acr\u00edlica em baixo relevo s\/ tela, 2016<\/figcaption><\/figure>\n\n\n\n<figure class=\"wp-block-image size-thumbnail\"><a href=\"https:\/\/chicomazzoni.art.br\/wp-content\/uploads\/cara-de-paisagem-080-m-x-080-m-acrc3adlica-e-acrc3adlica-em-baixo-relevo-s-tela-2015-copiar.jpg\" data-lbwps-width=\"1500\" data-lbwps-height=\"1505\" data-lbwps-srcsmall=\"https:\/\/chicomazzoni.art.br\/wp-content\/uploads\/cara-de-paisagem-080-m-x-080-m-acrc3adlica-e-acrc3adlica-em-baixo-relevo-s-tela-2015-copiar-12x12.jpg\"><img loading=\"lazy\" decoding=\"async\" width=\"400\" height=\"400\" data-id=\"606\" src=\"https:\/\/chicomazzoni.art.br\/wp-content\/uploads\/cara-de-paisagem-080-m-x-080-m-acrc3adlica-e-acrc3adlica-em-baixo-relevo-s-tela-2015-copiar-400x400.jpg\" alt=\"\" class=\"wp-image-606\" srcset=\"https:\/\/chicomazzoni.art.br\/wp-content\/uploads\/cara-de-paisagem-080-m-x-080-m-acrc3adlica-e-acrc3adlica-em-baixo-relevo-s-tela-2015-copiar-400x400.jpg 400w, https:\/\/chicomazzoni.art.br\/wp-content\/uploads\/cara-de-paisagem-080-m-x-080-m-acrc3adlica-e-acrc3adlica-em-baixo-relevo-s-tela-2015-copiar-997x1000.jpg 997w, https:\/\/chicomazzoni.art.br\/wp-content\/uploads\/cara-de-paisagem-080-m-x-080-m-acrc3adlica-e-acrc3adlica-em-baixo-relevo-s-tela-2015-copiar-12x12.jpg 12w, https:\/\/chicomazzoni.art.br\/wp-content\/uploads\/cara-de-paisagem-080-m-x-080-m-acrc3adlica-e-acrc3adlica-em-baixo-relevo-s-tela-2015-copiar.jpg 1500w\" sizes=\"auto, (max-width: 400px) 100vw, 400px\" \/><\/a><figcaption class=\"wp-element-caption\">Cara de paisagem, 0,80 m X 0,80 m, Acr\u00edlica e acr\u00edlica em baixo relevo s\/ tela, 2015<\/figcaption><\/figure>\n\n\n\n<figure class=\"wp-block-image size-thumbnail\"><a href=\"https:\/\/chicomazzoni.art.br\/wp-content\/uploads\/o-tempo-c3a9-como-o-rio-a-herc3a1clito-100-m-x-100-m-acrc3adlica-e-acrc3adlica-em-baixo-relevo-s-tela-2015-copiar.jpg\" data-lbwps-width=\"1500\" data-lbwps-height=\"1498\" data-lbwps-srcsmall=\"https:\/\/chicomazzoni.art.br\/wp-content\/uploads\/o-tempo-c3a9-como-o-rio-a-herc3a1clito-100-m-x-100-m-acrc3adlica-e-acrc3adlica-em-baixo-relevo-s-tela-2015-copiar.jpg\"><img loading=\"lazy\" decoding=\"async\" width=\"400\" height=\"400\" data-id=\"594\" src=\"https:\/\/chicomazzoni.art.br\/wp-content\/uploads\/o-tempo-c3a9-como-o-rio-a-herc3a1clito-100-m-x-100-m-acrc3adlica-e-acrc3adlica-em-baixo-relevo-s-tela-2015-copiar-400x400.jpg\" alt=\"\" class=\"wp-image-594\" srcset=\"https:\/\/chicomazzoni.art.br\/wp-content\/uploads\/o-tempo-c3a9-como-o-rio-a-herc3a1clito-100-m-x-100-m-acrc3adlica-e-acrc3adlica-em-baixo-relevo-s-tela-2015-copiar-400x400.jpg 400w, https:\/\/chicomazzoni.art.br\/wp-content\/uploads\/o-tempo-c3a9-como-o-rio-a-herc3a1clito-100-m-x-100-m-acrc3adlica-e-acrc3adlica-em-baixo-relevo-s-tela-2015-copiar-800x800.jpg 800w, https:\/\/chicomazzoni.art.br\/wp-content\/uploads\/o-tempo-c3a9-como-o-rio-a-herc3a1clito-100-m-x-100-m-acrc3adlica-e-acrc3adlica-em-baixo-relevo-s-tela-2015-copiar-1001x1000.jpg 1001w, https:\/\/chicomazzoni.art.br\/wp-content\/uploads\/o-tempo-c3a9-como-o-rio-a-herc3a1clito-100-m-x-100-m-acrc3adlica-e-acrc3adlica-em-baixo-relevo-s-tela-2015-copiar-768x767.jpg 768w, https:\/\/chicomazzoni.art.br\/wp-content\/uploads\/o-tempo-c3a9-como-o-rio-a-herc3a1clito-100-m-x-100-m-acrc3adlica-e-acrc3adlica-em-baixo-relevo-s-tela-2015-copiar-12x12.jpg 12w, https:\/\/chicomazzoni.art.br\/wp-content\/uploads\/o-tempo-c3a9-como-o-rio-a-herc3a1clito-100-m-x-100-m-acrc3adlica-e-acrc3adlica-em-baixo-relevo-s-tela-2015-copiar.jpg 1500w\" sizes=\"auto, (max-width: 400px) 100vw, 400px\" \/><\/a><figcaption class=\"wp-element-caption\">O tempo \u00e9 como o rio (a Her\u00e1clito), 1,00 m X 1,00 m, Acr\u00edlica e acr\u00edlica em baixo relevo s\/ tela, 2015<\/figcaption><\/figure>\n\n\n\n<figure class=\"wp-block-image size-thumbnail\"><a href=\"https:\/\/chicomazzoni.art.br\/wp-content\/uploads\/estrada-do-coco-090-m-x-090-m-acrilica-e-acrilica-em-baixo-relevo-s-tela-2016-copiar.jpg\" data-lbwps-width=\"1500\" data-lbwps-height=\"1483\" data-lbwps-srcsmall=\"https:\/\/chicomazzoni.art.br\/wp-content\/uploads\/estrada-do-coco-090-m-x-090-m-acrilica-e-acrilica-em-baixo-relevo-s-tela-2016-copiar.jpg\"><img loading=\"lazy\" decoding=\"async\" width=\"400\" height=\"400\" data-id=\"625\" src=\"https:\/\/chicomazzoni.art.br\/wp-content\/uploads\/estrada-do-coco-090-m-x-090-m-acrilica-e-acrilica-em-baixo-relevo-s-tela-2016-copiar-400x400.jpg\" alt=\"\" class=\"wp-image-625\" srcset=\"https:\/\/chicomazzoni.art.br\/wp-content\/uploads\/estrada-do-coco-090-m-x-090-m-acrilica-e-acrilica-em-baixo-relevo-s-tela-2016-copiar-400x400.jpg 400w, https:\/\/chicomazzoni.art.br\/wp-content\/uploads\/estrada-do-coco-090-m-x-090-m-acrilica-e-acrilica-em-baixo-relevo-s-tela-2016-copiar-12x12.jpg 12w\" sizes=\"auto, (max-width: 400px) 100vw, 400px\" \/><\/a><figcaption class=\"wp-element-caption\">Estrada do coco, 0,90 m X 0,90 m, Acr\u00edlica e acr\u00edlica em baixo relevo s\/ tela, 2016<\/figcaption><\/figure>\n\n\n\n<figure class=\"wp-block-image size-thumbnail\"><a href=\"https:\/\/chicomazzoni.art.br\/wp-content\/uploads\/aurora-boreal-090-m-x-090-m-acrc3adlica-e-acrc3adlica-em-baixo-relevo-s-tela-2015-copiar.jpg\" data-lbwps-width=\"1500\" data-lbwps-height=\"1478\" data-lbwps-srcsmall=\"https:\/\/chicomazzoni.art.br\/wp-content\/uploads\/aurora-boreal-090-m-x-090-m-acrc3adlica-e-acrc3adlica-em-baixo-relevo-s-tela-2015-copiar.jpg\"><img loading=\"lazy\" decoding=\"async\" width=\"400\" height=\"400\" data-id=\"605\" src=\"https:\/\/chicomazzoni.art.br\/wp-content\/uploads\/aurora-boreal-090-m-x-090-m-acrc3adlica-e-acrc3adlica-em-baixo-relevo-s-tela-2015-copiar-400x400.jpg\" alt=\"\" class=\"wp-image-605\" srcset=\"https:\/\/chicomazzoni.art.br\/wp-content\/uploads\/aurora-boreal-090-m-x-090-m-acrc3adlica-e-acrc3adlica-em-baixo-relevo-s-tela-2015-copiar-400x400.jpg 400w, https:\/\/chicomazzoni.art.br\/wp-content\/uploads\/aurora-boreal-090-m-x-090-m-acrc3adlica-e-acrc3adlica-em-baixo-relevo-s-tela-2015-copiar-12x12.jpg 12w\" sizes=\"auto, (max-width: 400px) 100vw, 400px\" \/><\/a><figcaption class=\"wp-element-caption\">Aurora Boreal,  0,90 m X 0,90 m, Acr\u00edlica e acr\u00edlica em baixo relevo s\/ tela, 2015<\/figcaption><\/figure>\n\n\n\n<figure class=\"wp-block-image size-thumbnail\"><a href=\"https:\/\/chicomazzoni.art.br\/wp-content\/uploads\/istanbul-100-m-x-100-m-acrc3adlica-e-acrc3adlica-em-baixo-relevo-s-tela-2016.jpg\" data-lbwps-width=\"1500\" data-lbwps-height=\"1505\" data-lbwps-srcsmall=\"https:\/\/chicomazzoni.art.br\/wp-content\/uploads\/istanbul-100-m-x-100-m-acrc3adlica-e-acrc3adlica-em-baixo-relevo-s-tela-2016-12x12.jpg\"><img loading=\"lazy\" decoding=\"async\" width=\"400\" height=\"400\" data-id=\"587\" src=\"https:\/\/chicomazzoni.art.br\/wp-content\/uploads\/istanbul-100-m-x-100-m-acrc3adlica-e-acrc3adlica-em-baixo-relevo-s-tela-2016-400x400.jpg\" alt=\"\" class=\"wp-image-587\" srcset=\"https:\/\/chicomazzoni.art.br\/wp-content\/uploads\/istanbul-100-m-x-100-m-acrc3adlica-e-acrc3adlica-em-baixo-relevo-s-tela-2016-400x400.jpg 400w, https:\/\/chicomazzoni.art.br\/wp-content\/uploads\/istanbul-100-m-x-100-m-acrc3adlica-e-acrc3adlica-em-baixo-relevo-s-tela-2016-997x1000.jpg 997w, https:\/\/chicomazzoni.art.br\/wp-content\/uploads\/istanbul-100-m-x-100-m-acrc3adlica-e-acrc3adlica-em-baixo-relevo-s-tela-2016-12x12.jpg 12w, https:\/\/chicomazzoni.art.br\/wp-content\/uploads\/istanbul-100-m-x-100-m-acrc3adlica-e-acrc3adlica-em-baixo-relevo-s-tela-2016.jpg 1500w\" sizes=\"auto, (max-width: 400px) 100vw, 400px\" \/><\/a><figcaption class=\"wp-element-caption\">Istanbul, 1,00 m X 1,00 m, Acr\u00edlica e acr\u00edlica em baixo relevo s\/ tela, 2016<\/figcaption><\/figure>\n\n\n\n<figure class=\"wp-block-image size-thumbnail\"><a href=\"https:\/\/chicomazzoni.art.br\/wp-content\/uploads\/sc3a9culo-xx-a-lc3a9ger-100-m-x-100-m-acrc3adlica-e-acrc3adlica-em-baixo-relevo-s-tela-2015-copiar.jpg\" data-lbwps-width=\"1500\" data-lbwps-height=\"1505\" data-lbwps-srcsmall=\"https:\/\/chicomazzoni.art.br\/wp-content\/uploads\/sc3a9culo-xx-a-lc3a9ger-100-m-x-100-m-acrc3adlica-e-acrc3adlica-em-baixo-relevo-s-tela-2015-copiar-12x12.jpg\"><img loading=\"lazy\" decoding=\"async\" width=\"400\" height=\"400\" data-id=\"599\" src=\"https:\/\/chicomazzoni.art.br\/wp-content\/uploads\/sc3a9culo-xx-a-lc3a9ger-100-m-x-100-m-acrc3adlica-e-acrc3adlica-em-baixo-relevo-s-tela-2015-copiar-400x400.jpg\" alt=\"\" class=\"wp-image-599\" srcset=\"https:\/\/chicomazzoni.art.br\/wp-content\/uploads\/sc3a9culo-xx-a-lc3a9ger-100-m-x-100-m-acrc3adlica-e-acrc3adlica-em-baixo-relevo-s-tela-2015-copiar-400x400.jpg 400w, https:\/\/chicomazzoni.art.br\/wp-content\/uploads\/sc3a9culo-xx-a-lc3a9ger-100-m-x-100-m-acrc3adlica-e-acrc3adlica-em-baixo-relevo-s-tela-2015-copiar-997x1000.jpg 997w, https:\/\/chicomazzoni.art.br\/wp-content\/uploads\/sc3a9culo-xx-a-lc3a9ger-100-m-x-100-m-acrc3adlica-e-acrc3adlica-em-baixo-relevo-s-tela-2015-copiar-12x12.jpg 12w, https:\/\/chicomazzoni.art.br\/wp-content\/uploads\/sc3a9culo-xx-a-lc3a9ger-100-m-x-100-m-acrc3adlica-e-acrc3adlica-em-baixo-relevo-s-tela-2015-copiar.jpg 1500w\" sizes=\"auto, (max-width: 400px) 100vw, 400px\" \/><\/a><figcaption class=\"wp-element-caption\">S\u00e9culo XX (a L\u00e9ger), 1,00 m X 1,00 m, Acr\u00edlica e acr\u00edlica em baixo relevo s\/ tela, 2015<\/figcaption><\/figure>\n\n\n\n<figure class=\"wp-block-image size-thumbnail\"><a href=\"https:\/\/chicomazzoni.art.br\/wp-content\/uploads\/souk-090-m-x-090-m-acrc3adlica-e-acrc3adlica-em-baixo-relevo-s-tela-2015-copiar.jpg\" data-lbwps-width=\"1500\" data-lbwps-height=\"1500\" data-lbwps-srcsmall=\"https:\/\/chicomazzoni.art.br\/wp-content\/uploads\/souk-090-m-x-090-m-acrc3adlica-e-acrc3adlica-em-baixo-relevo-s-tela-2015-copiar-12x12.jpg\"><img loading=\"lazy\" decoding=\"async\" width=\"400\" height=\"400\" data-id=\"601\" src=\"https:\/\/chicomazzoni.art.br\/wp-content\/uploads\/souk-090-m-x-090-m-acrc3adlica-e-acrc3adlica-em-baixo-relevo-s-tela-2015-copiar-400x400.jpg\" alt=\"\" class=\"wp-image-601\" srcset=\"https:\/\/chicomazzoni.art.br\/wp-content\/uploads\/souk-090-m-x-090-m-acrc3adlica-e-acrc3adlica-em-baixo-relevo-s-tela-2015-copiar-400x400.jpg 400w, https:\/\/chicomazzoni.art.br\/wp-content\/uploads\/souk-090-m-x-090-m-acrc3adlica-e-acrc3adlica-em-baixo-relevo-s-tela-2015-copiar-800x800.jpg 800w, https:\/\/chicomazzoni.art.br\/wp-content\/uploads\/souk-090-m-x-090-m-acrc3adlica-e-acrc3adlica-em-baixo-relevo-s-tela-2015-copiar-1000x1000.jpg 1000w, https:\/\/chicomazzoni.art.br\/wp-content\/uploads\/souk-090-m-x-090-m-acrc3adlica-e-acrc3adlica-em-baixo-relevo-s-tela-2015-copiar-768x768.jpg 768w, https:\/\/chicomazzoni.art.br\/wp-content\/uploads\/souk-090-m-x-090-m-acrc3adlica-e-acrc3adlica-em-baixo-relevo-s-tela-2015-copiar-12x12.jpg 12w, https:\/\/chicomazzoni.art.br\/wp-content\/uploads\/souk-090-m-x-090-m-acrc3adlica-e-acrc3adlica-em-baixo-relevo-s-tela-2015-copiar.jpg 1500w\" sizes=\"auto, (max-width: 400px) 100vw, 400px\" \/><\/a><figcaption class=\"wp-element-caption\">Souk,  0,90 m X 0,90 m, Acr\u00edlica e acr\u00edlica em baixo relevo s\/ tela, 2015<\/figcaption><\/figure>\n\n\n\n<figure class=\"wp-block-image size-thumbnail\"><a href=\"https:\/\/chicomazzoni.art.br\/wp-content\/uploads\/cinema-090-m-x-090-m-acrc3adlica-e-acrc3adlica-em-baixo-relevo-s-tela-2015-copiar.jpg\" data-lbwps-width=\"1500\" data-lbwps-height=\"1503\" data-lbwps-srcsmall=\"https:\/\/chicomazzoni.art.br\/wp-content\/uploads\/cinema-090-m-x-090-m-acrc3adlica-e-acrc3adlica-em-baixo-relevo-s-tela-2015-copiar-12x12.jpg\"><img loading=\"lazy\" decoding=\"async\" width=\"400\" height=\"400\" data-id=\"607\" src=\"https:\/\/chicomazzoni.art.br\/wp-content\/uploads\/cinema-090-m-x-090-m-acrc3adlica-e-acrc3adlica-em-baixo-relevo-s-tela-2015-copiar-400x400.jpg\" alt=\"\" class=\"wp-image-607\" srcset=\"https:\/\/chicomazzoni.art.br\/wp-content\/uploads\/cinema-090-m-x-090-m-acrc3adlica-e-acrc3adlica-em-baixo-relevo-s-tela-2015-copiar-400x400.jpg 400w, https:\/\/chicomazzoni.art.br\/wp-content\/uploads\/cinema-090-m-x-090-m-acrc3adlica-e-acrc3adlica-em-baixo-relevo-s-tela-2015-copiar-798x800.jpg 798w, https:\/\/chicomazzoni.art.br\/wp-content\/uploads\/cinema-090-m-x-090-m-acrc3adlica-e-acrc3adlica-em-baixo-relevo-s-tela-2015-copiar-998x1000.jpg 998w, https:\/\/chicomazzoni.art.br\/wp-content\/uploads\/cinema-090-m-x-090-m-acrc3adlica-e-acrc3adlica-em-baixo-relevo-s-tela-2015-copiar-768x770.jpg 768w, https:\/\/chicomazzoni.art.br\/wp-content\/uploads\/cinema-090-m-x-090-m-acrc3adlica-e-acrc3adlica-em-baixo-relevo-s-tela-2015-copiar-12x12.jpg 12w, https:\/\/chicomazzoni.art.br\/wp-content\/uploads\/cinema-090-m-x-090-m-acrc3adlica-e-acrc3adlica-em-baixo-relevo-s-tela-2015-copiar.jpg 1500w\" sizes=\"auto, (max-width: 400px) 100vw, 400px\" \/><\/a><figcaption class=\"wp-element-caption\">Cinema,  0,90 m X 0,90 m, Acr\u00edlica e acr\u00edlica em baixo relevo s\/ tela, 2015<\/figcaption><\/figure>\n\n\n\n<figure class=\"wp-block-image size-thumbnail\"><a href=\"https:\/\/chicomazzoni.art.br\/wp-content\/uploads\/mazzoni-ganges.jpg\" data-lbwps-width=\"1000\" data-lbwps-height=\"1000\" data-lbwps-srcsmall=\"https:\/\/chicomazzoni.art.br\/wp-content\/uploads\/mazzoni-ganges-12x12.jpg\"><img loading=\"lazy\" decoding=\"async\" width=\"400\" height=\"400\" data-id=\"650\" src=\"https:\/\/chicomazzoni.art.br\/wp-content\/uploads\/mazzoni-ganges-400x400.jpg\" alt=\"\" class=\"wp-image-650\" srcset=\"https:\/\/chicomazzoni.art.br\/wp-content\/uploads\/mazzoni-ganges-400x400.jpg 400w, https:\/\/chicomazzoni.art.br\/wp-content\/uploads\/mazzoni-ganges-800x800.jpg 800w, https:\/\/chicomazzoni.art.br\/wp-content\/uploads\/mazzoni-ganges-768x768.jpg 768w, https:\/\/chicomazzoni.art.br\/wp-content\/uploads\/mazzoni-ganges-12x12.jpg 12w, https:\/\/chicomazzoni.art.br\/wp-content\/uploads\/mazzoni-ganges.jpg 1000w\" sizes=\"auto, (max-width: 400px) 100vw, 400px\" \/><\/a><figcaption class=\"wp-element-caption\">GANGES | Acr\u00edlica e acr\u00edlica em baixo relevo sobre tela, 2016, 90X90cm<\/figcaption><\/figure>\n\n\n\n<figure class=\"wp-block-image size-thumbnail\"><a href=\"https:\/\/chicomazzoni.art.br\/wp-content\/uploads\/as-transparc3aancias-enganam-080-m-x-080-m-acrc3adlica-e-acrc3adlica-em-baixo-relevo-s-tela-2016-copiar.jpg\" data-lbwps-width=\"1500\" data-lbwps-height=\"1505\" data-lbwps-srcsmall=\"https:\/\/chicomazzoni.art.br\/wp-content\/uploads\/as-transparc3aancias-enganam-080-m-x-080-m-acrc3adlica-e-acrc3adlica-em-baixo-relevo-s-tela-2016-copiar-12x12.jpg\"><img loading=\"lazy\" decoding=\"async\" width=\"400\" height=\"400\" data-id=\"604\" src=\"https:\/\/chicomazzoni.art.br\/wp-content\/uploads\/as-transparc3aancias-enganam-080-m-x-080-m-acrc3adlica-e-acrc3adlica-em-baixo-relevo-s-tela-2016-copiar-400x400.jpg\" alt=\"\" class=\"wp-image-604\" srcset=\"https:\/\/chicomazzoni.art.br\/wp-content\/uploads\/as-transparc3aancias-enganam-080-m-x-080-m-acrc3adlica-e-acrc3adlica-em-baixo-relevo-s-tela-2016-copiar-400x400.jpg 400w, https:\/\/chicomazzoni.art.br\/wp-content\/uploads\/as-transparc3aancias-enganam-080-m-x-080-m-acrc3adlica-e-acrc3adlica-em-baixo-relevo-s-tela-2016-copiar-997x1000.jpg 997w, https:\/\/chicomazzoni.art.br\/wp-content\/uploads\/as-transparc3aancias-enganam-080-m-x-080-m-acrc3adlica-e-acrc3adlica-em-baixo-relevo-s-tela-2016-copiar-12x12.jpg 12w, https:\/\/chicomazzoni.art.br\/wp-content\/uploads\/as-transparc3aancias-enganam-080-m-x-080-m-acrc3adlica-e-acrc3adlica-em-baixo-relevo-s-tela-2016-copiar.jpg 1500w\" sizes=\"auto, (max-width: 400px) 100vw, 400px\" \/><\/a><figcaption class=\"wp-element-caption\">As transpar\u00eancias enganam,  0,80 m X 0,80 m, Acr\u00edlica e acr\u00edlica em baixo relevo s\/ tela, 2016<\/figcaption><\/figure>\n\n\n\n<figure class=\"wp-block-image size-thumbnail\"><a href=\"https:\/\/chicomazzoni.art.br\/wp-content\/uploads\/cidades-invisiveis-25-1.jpg\" data-lbwps-width=\"960\" data-lbwps-height=\"955\" data-lbwps-srcsmall=\"https:\/\/chicomazzoni.art.br\/wp-content\/uploads\/cidades-invisiveis-25-1.jpg\"><img loading=\"lazy\" decoding=\"async\" width=\"400\" height=\"400\" data-id=\"479\" src=\"https:\/\/chicomazzoni.art.br\/wp-content\/uploads\/cidades-invisiveis-25-1-400x400.jpg\" alt=\"\" class=\"wp-image-479\" srcset=\"https:\/\/chicomazzoni.art.br\/wp-content\/uploads\/cidades-invisiveis-25-1-400x400.jpg 400w, https:\/\/chicomazzoni.art.br\/wp-content\/uploads\/cidades-invisiveis-25-1-12x12.jpg 12w\" sizes=\"auto, (max-width: 400px) 100vw, 400px\" \/><\/a><figcaption class=\"wp-element-caption\">O helic\u00f3ptero e outras paisagens, 1,00 m X 1,00 m, Acr\u00edlica e acr\u00edlica em baixo relevo s tela, 2015 copiar<\/figcaption><\/figure>\n\n\n\n<figure class=\"wp-block-image size-thumbnail\"><a href=\"https:\/\/chicomazzoni.art.br\/wp-content\/uploads\/os-pingos-da-chuva-que-hoje-caiu-090-m-x-090-m-acrc3adlica-e-acrc3adlica-em-baixo-relevo-s-tela-2016-copiar.jpg\" data-lbwps-width=\"1500\" data-lbwps-height=\"1510\" data-lbwps-srcsmall=\"https:\/\/chicomazzoni.art.br\/wp-content\/uploads\/os-pingos-da-chuva-que-hoje-caiu-090-m-x-090-m-acrc3adlica-e-acrc3adlica-em-baixo-relevo-s-tela-2016-copiar-12x12.jpg\"><img loading=\"lazy\" decoding=\"async\" width=\"400\" height=\"400\" data-id=\"593\" src=\"https:\/\/chicomazzoni.art.br\/wp-content\/uploads\/os-pingos-da-chuva-que-hoje-caiu-090-m-x-090-m-acrc3adlica-e-acrc3adlica-em-baixo-relevo-s-tela-2016-copiar-400x400.jpg\" alt=\"\" class=\"wp-image-593\" srcset=\"https:\/\/chicomazzoni.art.br\/wp-content\/uploads\/os-pingos-da-chuva-que-hoje-caiu-090-m-x-090-m-acrc3adlica-e-acrc3adlica-em-baixo-relevo-s-tela-2016-copiar-400x400.jpg 400w, https:\/\/chicomazzoni.art.br\/wp-content\/uploads\/os-pingos-da-chuva-que-hoje-caiu-090-m-x-090-m-acrc3adlica-e-acrc3adlica-em-baixo-relevo-s-tela-2016-copiar-12x12.jpg 12w\" sizes=\"auto, (max-width: 400px) 100vw, 400px\" \/><\/a><figcaption class=\"wp-element-caption\">Os pingos da chuva que hoje caiu,  0,90 m X 0,90 m, Acr\u00edlica e acr\u00edlica em baixo relevo s\/ tela, 2016<\/figcaption><\/figure>\n\n\n\n<figure class=\"wp-block-image size-thumbnail\"><a href=\"https:\/\/chicomazzoni.art.br\/wp-content\/uploads\/sacrc381rio-80-m-x-80-m-colagem-acrc3adlica-e-acrc3adlica-em-baixo-relevo-s-tela-2017-copiar.jpg\" data-lbwps-width=\"1500\" data-lbwps-height=\"1500\" data-lbwps-srcsmall=\"https:\/\/chicomazzoni.art.br\/wp-content\/uploads\/sacrc381rio-80-m-x-80-m-colagem-acrc3adlica-e-acrc3adlica-em-baixo-relevo-s-tela-2017-copiar-12x12.jpg\"><img loading=\"lazy\" decoding=\"async\" width=\"400\" height=\"400\" data-id=\"598\" src=\"https:\/\/chicomazzoni.art.br\/wp-content\/uploads\/sacrc381rio-80-m-x-80-m-colagem-acrc3adlica-e-acrc3adlica-em-baixo-relevo-s-tela-2017-copiar-400x400.jpg\" alt=\"\" class=\"wp-image-598\" srcset=\"https:\/\/chicomazzoni.art.br\/wp-content\/uploads\/sacrc381rio-80-m-x-80-m-colagem-acrc3adlica-e-acrc3adlica-em-baixo-relevo-s-tela-2017-copiar-400x400.jpg 400w, https:\/\/chicomazzoni.art.br\/wp-content\/uploads\/sacrc381rio-80-m-x-80-m-colagem-acrc3adlica-e-acrc3adlica-em-baixo-relevo-s-tela-2017-copiar-800x800.jpg 800w, https:\/\/chicomazzoni.art.br\/wp-content\/uploads\/sacrc381rio-80-m-x-80-m-colagem-acrc3adlica-e-acrc3adlica-em-baixo-relevo-s-tela-2017-copiar-1000x1000.jpg 1000w, https:\/\/chicomazzoni.art.br\/wp-content\/uploads\/sacrc381rio-80-m-x-80-m-colagem-acrc3adlica-e-acrc3adlica-em-baixo-relevo-s-tela-2017-copiar-768x768.jpg 768w, https:\/\/chicomazzoni.art.br\/wp-content\/uploads\/sacrc381rio-80-m-x-80-m-colagem-acrc3adlica-e-acrc3adlica-em-baixo-relevo-s-tela-2017-copiar-12x12.jpg 12w, https:\/\/chicomazzoni.art.br\/wp-content\/uploads\/sacrc381rio-80-m-x-80-m-colagem-acrc3adlica-e-acrc3adlica-em-baixo-relevo-s-tela-2017-copiar.jpg 1500w\" sizes=\"auto, (max-width: 400px) 100vw, 400px\" \/><\/a><figcaption class=\"wp-element-caption\">Sacr\u00e1rio,  80 m X 80 m, Colagem, acr\u00edlica e acr\u00edlica em baixo relevo s\/ tela, 2017<\/figcaption><\/figure>\n<\/figure>","protected":false},"excerpt":{"rendered":"<p>O termo ukiyo-e significa, literalmente, \u201cimagens do mundo flutuante transit\u00f3rio\u201d. \u00c9 derivado originalmente da ideia budista do car\u00e1ter f\u00fatil e ilus\u00f3rio da exist\u00eancia mundana. Durante o per\u00edodo Edo, no entanto, o termo tomou um sabor hedon\u00edstico e foi ligado \u00e0s divers\u00f5es e prazeres da popula\u00e7\u00e3o urbana nas casas de ch\u00e1 e bord\u00e9is, no teatro Kabuki [&hellip;]<\/p>\n","protected":false},"featured_media":597,"template":"","categories":[],"class_list":["post-668","obras","type-obras","status-publish","has-post-thumbnail","hentry"],"yoast_head":"<!-- This site is optimized with the Yoast SEO plugin v27.4 - https:\/\/yoast.com\/product\/yoast-seo-wordpress\/ -->\n<title>Retratos do Mundo Flutuante - Chico Mazzoni<\/title>\n<meta name=\"robots\" content=\"index, follow, max-snippet:-1, max-image-preview:large, max-video-preview:-1\" \/>\n<link rel=\"canonical\" href=\"https:\/\/chicomazzoni.art.br\/en\/obras\/retratos-do-mundo-flutuante\/\" \/>\n<meta property=\"og:locale\" content=\"en_US\" \/>\n<meta property=\"og:type\" content=\"article\" \/>\n<meta property=\"og:title\" content=\"Retratos do Mundo Flutuante - Chico Mazzoni\" \/>\n<meta property=\"og:description\" content=\"O termo ukiyo-e significa, literalmente, \u201cimagens do mundo flutuante transit\u00f3rio\u201d. \u00c9 derivado originalmente da ideia budista do car\u00e1ter f\u00fatil e ilus\u00f3rio da exist\u00eancia mundana. Durante o per\u00edodo Edo, no entanto, o termo tomou um sabor hedon\u00edstico e foi ligado \u00e0s divers\u00f5es e prazeres da popula\u00e7\u00e3o urbana nas casas de ch\u00e1 e bord\u00e9is, no teatro Kabuki [&hellip;]\" \/>\n<meta property=\"og:url\" content=\"https:\/\/chicomazzoni.art.br\/en\/obras\/retratos-do-mundo-flutuante\/\" \/>\n<meta property=\"og:site_name\" content=\"Chico Mazzoni\" \/>\n<meta property=\"article:modified_time\" content=\"2023-04-02T22:32:59+00:00\" \/>\n<meta property=\"og:image\" content=\"https:\/\/chicomazzoni.art.br\/wp-content\/uploads\/retratos-do-mundo-flutuante-100-m-x-100-m-acrc3adlica-e-acrc3adlica-em-baixo-relevo-s-tela-2015.jpg\" \/>\n\t<meta property=\"og:image:width\" content=\"1500\" \/>\n\t<meta property=\"og:image:height\" content=\"1505\" \/>\n\t<meta property=\"og:image:type\" content=\"image\/jpeg\" \/>\n<meta name=\"twitter:card\" content=\"summary_large_image\" \/>\n<meta name=\"twitter:label1\" content=\"Est. reading time\" \/>\n\t<meta name=\"twitter:data1\" content=\"20 minutes\" \/>\n<script type=\"application\/ld+json\" class=\"yoast-schema-graph\">{\"@context\":\"https:\\\/\\\/schema.org\",\"@graph\":[{\"@type\":[\"WebPage\",\"CollectionPage\"],\"@id\":\"https:\\\/\\\/chicomazzoni.art.br\\\/obras\\\/retratos-do-mundo-flutuante\\\/\",\"url\":\"https:\\\/\\\/chicomazzoni.art.br\\\/obras\\\/retratos-do-mundo-flutuante\\\/\",\"name\":\"Retratos do Mundo Flutuante - Chico Mazzoni\",\"isPartOf\":{\"@id\":\"https:\\\/\\\/chicomazzoni.art.br\\\/#website\"},\"primaryImageOfPage\":{\"@id\":\"https:\\\/\\\/chicomazzoni.art.br\\\/obras\\\/retratos-do-mundo-flutuante\\\/#primaryimage\"},\"image\":{\"@id\":\"https:\\\/\\\/chicomazzoni.art.br\\\/obras\\\/retratos-do-mundo-flutuante\\\/#primaryimage\"},\"thumbnailUrl\":\"https:\\\/\\\/chicomazzoni.art.br\\\/wp-content\\\/uploads\\\/retratos-do-mundo-flutuante-100-m-x-100-m-acrc3adlica-e-acrc3adlica-em-baixo-relevo-s-tela-2015.jpg\",\"datePublished\":\"2017-03-31T23:33:00+00:00\",\"dateModified\":\"2023-04-02T22:32:59+00:00\",\"breadcrumb\":{\"@id\":\"https:\\\/\\\/chicomazzoni.art.br\\\/obras\\\/retratos-do-mundo-flutuante\\\/#breadcrumb\"},\"inLanguage\":\"en-US\"},{\"@type\":\"ImageObject\",\"inLanguage\":\"en-US\",\"@id\":\"https:\\\/\\\/chicomazzoni.art.br\\\/obras\\\/retratos-do-mundo-flutuante\\\/#primaryimage\",\"url\":\"https:\\\/\\\/chicomazzoni.art.br\\\/wp-content\\\/uploads\\\/retratos-do-mundo-flutuante-100-m-x-100-m-acrc3adlica-e-acrc3adlica-em-baixo-relevo-s-tela-2015.jpg\",\"contentUrl\":\"https:\\\/\\\/chicomazzoni.art.br\\\/wp-content\\\/uploads\\\/retratos-do-mundo-flutuante-100-m-x-100-m-acrc3adlica-e-acrc3adlica-em-baixo-relevo-s-tela-2015.jpg\",\"width\":1500,\"height\":1505,\"caption\":\"Retratos do mundo flutuante, 1,00 m X 1,00 m, Acr\u00edlica e acr\u00edlica em baixo relevo s\\\/ tela, 2015\"},{\"@type\":\"BreadcrumbList\",\"@id\":\"https:\\\/\\\/chicomazzoni.art.br\\\/obras\\\/retratos-do-mundo-flutuante\\\/#breadcrumb\",\"itemListElement\":[{\"@type\":\"ListItem\",\"position\":1,\"name\":\"In\u00edcio\",\"item\":\"https:\\\/\\\/chicomazzoni.art.br\\\/\"},{\"@type\":\"ListItem\",\"position\":2,\"name\":\"Retratos do Mundo Flutuante\"}]},{\"@type\":\"WebSite\",\"@id\":\"https:\\\/\\\/chicomazzoni.art.br\\\/#website\",\"url\":\"https:\\\/\\\/chicomazzoni.art.br\\\/\",\"name\":\"Chico Mazzoni\",\"description\":\"Taget\u00f3ria e obras do artista pl\u00e1stico Chico Mazzoni\",\"publisher\":{\"@id\":\"https:\\\/\\\/chicomazzoni.art.br\\\/#\\\/schema\\\/person\\\/72c3570b53807c101ac994d076b9aee3\"},\"potentialAction\":[{\"@type\":\"SearchAction\",\"target\":{\"@type\":\"EntryPoint\",\"urlTemplate\":\"https:\\\/\\\/chicomazzoni.art.br\\\/?s={search_term_string}\"},\"query-input\":{\"@type\":\"PropertyValueSpecification\",\"valueRequired\":true,\"valueName\":\"search_term_string\"}}],\"inLanguage\":\"en-US\"},{\"@type\":[\"Person\",\"Organization\"],\"@id\":\"https:\\\/\\\/chicomazzoni.art.br\\\/#\\\/schema\\\/person\\\/72c3570b53807c101ac994d076b9aee3\",\"name\":\"admin\",\"image\":{\"@type\":\"ImageObject\",\"inLanguage\":\"en-US\",\"@id\":\"https:\\\/\\\/chicomazzoni.art.br\\\/wp-content\\\/uploads\\\/virginia-de-medeiros-640x610-1.jpg\",\"url\":\"https:\\\/\\\/chicomazzoni.art.br\\\/wp-content\\\/uploads\\\/virginia-de-medeiros-640x610-1.jpg\",\"contentUrl\":\"https:\\\/\\\/chicomazzoni.art.br\\\/wp-content\\\/uploads\\\/virginia-de-medeiros-640x610-1.jpg\",\"width\":640,\"height\":610,\"caption\":\"admin\"},\"logo\":{\"@id\":\"https:\\\/\\\/chicomazzoni.art.br\\\/wp-content\\\/uploads\\\/virginia-de-medeiros-640x610-1.jpg\"},\"sameAs\":[\"https:\\\/\\\/chicomazzoni.art.br\"]}]}<\/script>\n<!-- \/ Yoast SEO plugin. -->","yoast_head_json":{"title":"Retratos do Mundo Flutuante - Chico Mazzoni","robots":{"index":"index","follow":"follow","max-snippet":"max-snippet:-1","max-image-preview":"max-image-preview:large","max-video-preview":"max-video-preview:-1"},"canonical":"https:\/\/chicomazzoni.art.br\/en\/obras\/retratos-do-mundo-flutuante\/","og_locale":"en_US","og_type":"article","og_title":"Retratos do Mundo Flutuante - Chico Mazzoni","og_description":"O termo ukiyo-e significa, literalmente, \u201cimagens do mundo flutuante transit\u00f3rio\u201d. \u00c9 derivado originalmente da ideia budista do car\u00e1ter f\u00fatil e ilus\u00f3rio da exist\u00eancia mundana. Durante o per\u00edodo Edo, no entanto, o termo tomou um sabor hedon\u00edstico e foi ligado \u00e0s divers\u00f5es e prazeres da popula\u00e7\u00e3o urbana nas casas de ch\u00e1 e bord\u00e9is, no teatro Kabuki [&hellip;]","og_url":"https:\/\/chicomazzoni.art.br\/en\/obras\/retratos-do-mundo-flutuante\/","og_site_name":"Chico Mazzoni","article_modified_time":"2023-04-02T22:32:59+00:00","og_image":[{"width":1500,"height":1505,"url":"https:\/\/chicomazzoni.art.br\/wp-content\/uploads\/retratos-do-mundo-flutuante-100-m-x-100-m-acrc3adlica-e-acrc3adlica-em-baixo-relevo-s-tela-2015.jpg","type":"image\/jpeg"}],"twitter_card":"summary_large_image","twitter_misc":{"Est. reading time":"20 minutes"},"schema":{"@context":"https:\/\/schema.org","@graph":[{"@type":["WebPage","CollectionPage"],"@id":"https:\/\/chicomazzoni.art.br\/obras\/retratos-do-mundo-flutuante\/","url":"https:\/\/chicomazzoni.art.br\/obras\/retratos-do-mundo-flutuante\/","name":"Retratos do Mundo Flutuante - Chico Mazzoni","isPartOf":{"@id":"https:\/\/chicomazzoni.art.br\/#website"},"primaryImageOfPage":{"@id":"https:\/\/chicomazzoni.art.br\/obras\/retratos-do-mundo-flutuante\/#primaryimage"},"image":{"@id":"https:\/\/chicomazzoni.art.br\/obras\/retratos-do-mundo-flutuante\/#primaryimage"},"thumbnailUrl":"https:\/\/chicomazzoni.art.br\/wp-content\/uploads\/retratos-do-mundo-flutuante-100-m-x-100-m-acrc3adlica-e-acrc3adlica-em-baixo-relevo-s-tela-2015.jpg","datePublished":"2017-03-31T23:33:00+00:00","dateModified":"2023-04-02T22:32:59+00:00","breadcrumb":{"@id":"https:\/\/chicomazzoni.art.br\/obras\/retratos-do-mundo-flutuante\/#breadcrumb"},"inLanguage":"en-US"},{"@type":"ImageObject","inLanguage":"en-US","@id":"https:\/\/chicomazzoni.art.br\/obras\/retratos-do-mundo-flutuante\/#primaryimage","url":"https:\/\/chicomazzoni.art.br\/wp-content\/uploads\/retratos-do-mundo-flutuante-100-m-x-100-m-acrc3adlica-e-acrc3adlica-em-baixo-relevo-s-tela-2015.jpg","contentUrl":"https:\/\/chicomazzoni.art.br\/wp-content\/uploads\/retratos-do-mundo-flutuante-100-m-x-100-m-acrc3adlica-e-acrc3adlica-em-baixo-relevo-s-tela-2015.jpg","width":1500,"height":1505,"caption":"Retratos do mundo flutuante, 1,00 m X 1,00 m, Acr\u00edlica e acr\u00edlica em baixo relevo s\/ tela, 2015"},{"@type":"BreadcrumbList","@id":"https:\/\/chicomazzoni.art.br\/obras\/retratos-do-mundo-flutuante\/#breadcrumb","itemListElement":[{"@type":"ListItem","position":1,"name":"In\u00edcio","item":"https:\/\/chicomazzoni.art.br\/"},{"@type":"ListItem","position":2,"name":"Retratos do Mundo Flutuante"}]},{"@type":"WebSite","@id":"https:\/\/chicomazzoni.art.br\/#website","url":"https:\/\/chicomazzoni.art.br\/","name":"Chico Mazzoni","description":"Taget\u00f3ria e obras do artista pl\u00e1stico Chico Mazzoni","publisher":{"@id":"https:\/\/chicomazzoni.art.br\/#\/schema\/person\/72c3570b53807c101ac994d076b9aee3"},"potentialAction":[{"@type":"SearchAction","target":{"@type":"EntryPoint","urlTemplate":"https:\/\/chicomazzoni.art.br\/?s={search_term_string}"},"query-input":{"@type":"PropertyValueSpecification","valueRequired":true,"valueName":"search_term_string"}}],"inLanguage":"en-US"},{"@type":["Person","Organization"],"@id":"https:\/\/chicomazzoni.art.br\/#\/schema\/person\/72c3570b53807c101ac994d076b9aee3","name":"admin","image":{"@type":"ImageObject","inLanguage":"en-US","@id":"https:\/\/chicomazzoni.art.br\/wp-content\/uploads\/virginia-de-medeiros-640x610-1.jpg","url":"https:\/\/chicomazzoni.art.br\/wp-content\/uploads\/virginia-de-medeiros-640x610-1.jpg","contentUrl":"https:\/\/chicomazzoni.art.br\/wp-content\/uploads\/virginia-de-medeiros-640x610-1.jpg","width":640,"height":610,"caption":"admin"},"logo":{"@id":"https:\/\/chicomazzoni.art.br\/wp-content\/uploads\/virginia-de-medeiros-640x610-1.jpg"},"sameAs":["https:\/\/chicomazzoni.art.br"]}]}},"_links":{"self":[{"href":"https:\/\/chicomazzoni.art.br\/en\/wp-json\/wp\/v2\/obras\/668","targetHints":{"allow":["GET"]}}],"collection":[{"href":"https:\/\/chicomazzoni.art.br\/en\/wp-json\/wp\/v2\/obras"}],"about":[{"href":"https:\/\/chicomazzoni.art.br\/en\/wp-json\/wp\/v2\/types\/obras"}],"wp:featuredmedia":[{"embeddable":true,"href":"https:\/\/chicomazzoni.art.br\/en\/wp-json\/wp\/v2\/media\/597"}],"wp:attachment":[{"href":"https:\/\/chicomazzoni.art.br\/en\/wp-json\/wp\/v2\/media?parent=668"}],"wp:term":[{"taxonomy":"category","embeddable":true,"href":"https:\/\/chicomazzoni.art.br\/en\/wp-json\/wp\/v2\/categories?post=668"}],"curies":[{"name":"wp","href":"https:\/\/api.w.org\/{rel}","templated":true}]}}